{"id":12425,"date":"2016-02-23T16:21:29","date_gmt":"2016-02-23T15:21:29","guid":{"rendered":"http:\/\/www.aube-champagne.com\/?page_id=12425"},"modified":"2016-10-26T13:01:17","modified_gmt":"2016-10-26T12:01:17","slug":"laube-oui-mais-en-champagne-avec-raphael-mezrahi-et-claudia-tagbo","status":"publish","type":"page","link":"https:\/\/www.aube-champagne.com\/fr\/laube-oui-mais-en-champagne-avec-raphael-mezrahi-et-claudia-tagbo\/","title":{"rendered":"L\u2019Aube, Oui mais en Champagne avec Rapha\u00ebl Mezrahi et Claudia Tagbo"},"content":{"rendered":"<div class=\"wpb-content-wrapper\">[vc_row][vc_column width=\u00a0\u00bb2\/3&Prime;][vc_empty_space height=\u00a0\u00bb70px\u00a0\u00bb][vc_column_text]\n<h2><span style=\"color: #cfb038;\"><strong>Rapha\u00ebl Mezrahi et Claudia Tagbo<\/strong><\/span><\/h2>\n[\/vc_column_text][vc_video link=\u00a0\u00bbhttps:\/\/youtu.be\/5hIfODs66_w \u00a0\u00bb title=\u00a0\u00bbL&rsquo;Aube, Oui mais en Champagne ! &#8211; Episode 4&Prime;][\/vc_column][vc_column width=\u00a0\u00bb1\/3&Prime;][vc_column_text]\n<h5 style=\"text-align: center;\">Retrouvez les autres vid\u00e9os<br \/>\n<strong>Oui mais en Champagne<\/strong> !<\/h5>\n[\/vc_column_text][vc_single_image image=\u00a0\u00bb9865&Prime; img_size=\u00a0\u00bb200&#215;88&Prime; alignment=\u00a0\u00bbcenter\u00a0\u00bb style=\u00a0\u00bbvc_box_outline\u00a0\u00bb border_color=\u00a0\u00bbchino\u00a0\u00bb onclick=\u00a0\u00bbcustom_link\u00a0\u00bb link=\u00a0\u00bbhttp:\/\/www.aube-champagne.com\/?p=12333&Prime;][vc_single_image image=\u00a0\u00bb11330&Prime; img_size=\u00a0\u00bb200&#215;88&Prime; alignment=\u00a0\u00bbcenter\u00a0\u00bb style=\u00a0\u00bbvc_box_outline\u00a0\u00bb border_color=\u00a0\u00bbchino\u00a0\u00bb onclick=\u00a0\u00bbcustom_link\u00a0\u00bb link=\u00a0\u00bbhttp:\/\/www.aube-champagne.com\/?p=12366&Prime;][vc_single_image image=\u00a0\u00bb12282&Prime; img_size=\u00a0\u00bb200&#215;88&Prime; alignment=\u00a0\u00bbcenter\u00a0\u00bb style=\u00a0\u00bbvc_box_outline\u00a0\u00bb border_color=\u00a0\u00bbchino\u00a0\u00bb onclick=\u00a0\u00bbcustom_link\u00a0\u00bb link=\u00a0\u00bbhttp:\/\/www.aube-champagne.com\/?p=12388&Prime;][vc_single_image image=\u00a0\u00bb12315&Prime; img_size=\u00a0\u00bb200&#215;88&Prime; alignment=\u00a0\u00bbcenter\u00a0\u00bb style=\u00a0\u00bbvc_box_outline\u00a0\u00bb border_color=\u00a0\u00bbchino\u00a0\u00bb onclick=\u00a0\u00bbcustom_link\u00a0\u00bb link=\u00a0\u00bbhttp:\/\/www.aube-champagne.com\/fr\/?post_type=cdt_flux&amp;p=12563&Prime;][vc_single_image image=\u00a0\u00bb13954&Prime; img_size=\u00a0\u00bb200&#215;88&Prime; alignment=\u00a0\u00bbcenter\u00a0\u00bb style=\u00a0\u00bbvc_box_outline\u00a0\u00bb border_color=\u00a0\u00bbchino\u00a0\u00bb onclick=\u00a0\u00bbcustom_link\u00a0\u00bb link=\u00a0\u00bbhttp:\/\/www.aube-champagne.com\/fr\/?post_type=cdt_flux&amp;p=13961&Prime;][\/vc_column][\/vc_row][vc_row][vc_column][vc_separator el_width=\u00a0\u00bb80&Prime;][\/vc_column][\/vc_row][vc_row][vc_column][vc_column_text]\n<h3 style=\"text-align: center;\"><strong><span style=\"color: #cfb038;\">D\u00e9couvrez Troyes-dans-l&rsquo;Aube<br \/>\nOui mais en Champagne !<br \/>\n<\/span><\/strong><\/h3>\n[\/vc_column_text][vc_column_text]\n<h3><span style=\"color: #333333;\">Troyes, <strong>Ville d&rsquo;Art et d&rsquo;Histoire<\/strong><\/span><\/h3>\n<p style=\"text-align: justify;\">Pour le\u00a0Label Ville ou Pays d\u2019Art et d\u2019Histoire, c\u2019est Le beau XVIe si\u00e8cle troyen (architecture, sculpture et vitrail) qui a repr\u00e9sent\u00e9 la ville de Troyes.<\/p>\n<p style=\"text-align: justify;\">Cette candidature a appr\u00e9hend\u00e9 Troyes comme un territoire de projets qui oeuvre pour la sauvegarde, la conservation et la valorisation de son patrimoine architectural, urbain et paysager. Autant d\u2019orientations qui s\u2019int\u00e8grent de mani\u00e8re transversale et coh\u00e9rente dans la politique locale : \u00e9ducation, culture, tourisme, \u00e9conomie, habitat, urbanisme, protection et r\u00e9habilitation du patrimoine, etc.<\/p>\n[\/vc_column_text][\/vc_column][\/vc_row][vc_row][vc_column width=\u00a0\u00bb1\/3&Prime;][vc_column_text]\n<h5 style=\"text-align: center;\"><strong><a href=\"http:\/\/www.aube-champagne.com\/fr\/poi\/cathedrale-saint-pierre-saint-paul\" target=\"_blank\">La Cath\u00e9drale de Troyes<\/a><\/strong><\/h5>\n[\/vc_column_text][vc_single_image image=\u00a0\u00bb12490&Prime; img_size=\u00a0\u00bb500&#215;237&Prime; alignment=\u00a0\u00bbcenter\u00a0\u00bb style=\u00a0\u00bbvc_box_shadow\u00a0\u00bb onclick=\u00a0\u00bbcustom_link\u00a0\u00bb img_link_target=\u00a0\u00bb_blank\u00a0\u00bb link=\u00a0\u00bbhttp:\/\/www.aube-champagne.com\/fr\/poi\/cathedrale-saint-pierre-saint-paul\u00a0\u00bb][\/vc_column][vc_column width=\u00a0\u00bb1\/3&Prime;][vc_column_text]\n<h5 style=\"text-align: center;\"><strong><a href=\"http:\/\/www.aube-champagne.com\/fr\/poi\/eglise-sainte-madeleine\" target=\"_blank\">L&rsquo;\u00e9glise Sainte Madeleine<\/a><\/strong><\/h5>\n[\/vc_column_text][vc_single_image image=\u00a0\u00bb12500&Prime; img_size=\u00a0\u00bb500&#215;237&Prime; alignment=\u00a0\u00bbcenter\u00a0\u00bb style=\u00a0\u00bbvc_box_shadow\u00a0\u00bb onclick=\u00a0\u00bbcustom_link\u00a0\u00bb img_link_target=\u00a0\u00bb_blank\u00a0\u00bb link=\u00a0\u00bbhttp:\/\/www.aube-champagne.com\/fr\/poi\/eglise-sainte-madeleine\u00a0\u00bb][\/vc_column][vc_column width=\u00a0\u00bb1\/3&Prime;][vc_column_text]\n<h5 style=\"text-align: center;\"><strong><a href=\"http:\/\/www.aube-champagne.com\/fr\/poi\/basilique-saint-urbain\" target=\"_blank\">La basilique Saint Urbain<\/a><br \/>\n<\/strong><\/h5>\n[\/vc_column_text][vc_single_image image=\u00a0\u00bb12495&Prime; img_size=\u00a0\u00bb500&#215;237&Prime; alignment=\u00a0\u00bbcenter\u00a0\u00bb style=\u00a0\u00bbvc_box_shadow\u00a0\u00bb onclick=\u00a0\u00bbcustom_link\u00a0\u00bb img_link_target=\u00a0\u00bb_blank\u00a0\u00bb link=\u00a0\u00bbhttp:\/\/www.aube-champagne.com\/fr\/poi\/basilique-saint-urbain\u00a0\u00bb][\/vc_column][\/vc_row][vc_row][vc_column][vc_column_text]\n<h5><span style=\"color: #cfb038;\"><a style=\"color: #cfb038; text-decoration: underline;\" href=\"http:\/\/www.aube-champagne.com\/fr\/les-monuments-religieux\/\" target=\"_blank\">D\u00e9couvrez tous les monuments religieux de Troyes et de l&rsquo;Aube en Champagne<\/a><\/span><\/h5>\n<p>&nbsp;<\/p>\n[\/vc_column_text][\/vc_column][\/vc_row][vc_row][vc_column width=\u00a0\u00bb1\/3&Prime;][vc_column_text]\n<h5 style=\"text-align: center;\"><strong><a href=\"http:\/\/www.aube-champagne.com\/fr\/poi\/maison-de-l-outil-et-de-la-pensee-ouvriere\" target=\"_blank\">La MOPO<\/a><\/strong><\/h5>\n[\/vc_column_text][vc_single_image image=\u00a0\u00bb12516&Prime; img_size=\u00a0\u00bb500&#215;237&Prime; alignment=\u00a0\u00bbcenter\u00a0\u00bb style=\u00a0\u00bbvc_box_shadow\u00a0\u00bb onclick=\u00a0\u00bbcustom_link\u00a0\u00bb img_link_target=\u00a0\u00bb_blank\u00a0\u00bb link=\u00a0\u00bbhttp:\/\/www.aube-champagne.com\/fr\/poi\/maison-de-l-outil-et-de-la-pensee-ouvriere\u00a0\u00bb][\/vc_column][vc_column width=\u00a0\u00bb1\/3&Prime;][vc_column_text]\n<h5 style=\"text-align: center;\"><strong><a href=\"http:\/\/www.aube-champagne.com\/fr\/poi\/la-cite-du-vitrail\" target=\"_blank\">La Cit\u00e9 du Vitrail<\/a><\/strong><\/h5>\n[\/vc_column_text][vc_single_image image=\u00a0\u00bb12637&Prime; img_size=\u00a0\u00bb500&#215;237&Prime; alignment=\u00a0\u00bbcenter\u00a0\u00bb style=\u00a0\u00bbvc_box_shadow\u00a0\u00bb onclick=\u00a0\u00bbcustom_link\u00a0\u00bb img_link_target=\u00a0\u00bb_blank\u00a0\u00bb link=\u00a0\u00bbhttp:\/\/www.aube-champagne.com\/fr\/poi\/la-cite-du-vitrail\u00a0\u00bb][\/vc_column][vc_column width=\u00a0\u00bb1\/3&Prime;][vc_column_text]\n<h5 style=\"text-align: center;\"><strong><a href=\"http:\/\/www.aube-champagne.com\/fr\/poi\/musee-d-art-moderne-ancien-palais-episcopal\" target=\"_blank\">Le mus\u00e9e d&rsquo;Art Moderne<\/a><\/strong><\/h5>\n[\/vc_column_text][vc_single_image image=\u00a0\u00bb12632&Prime; img_size=\u00a0\u00bb500&#215;237&Prime; alignment=\u00a0\u00bbcenter\u00a0\u00bb style=\u00a0\u00bbvc_box_shadow\u00a0\u00bb onclick=\u00a0\u00bbcustom_link\u00a0\u00bb img_link_target=\u00a0\u00bb_blank\u00a0\u00bb link=\u00a0\u00bbhttp:\/\/www.aube-champagne.com\/fr\/poi\/musee-d-art-moderne-ancien-palais-episcopal\u00a0\u00bb][\/vc_column][\/vc_row][vc_row][vc_column][vc_column_text]\n<h5><span style=\"color: #cfb038;\"><a style=\"color: #cfb038; text-decoration: underline;\" href=\"http:\/\/www.aube-champagne.com\/fr\/les-musees\/\" target=\"_blank\">D\u00e9couvrez tous les mus\u00e9es de Troyes et de l&rsquo;Aube en Champagne<\/a><\/span><\/h5>\n[\/vc_column_text][vc_separator el_width=\u00a0\u00bb80&Prime;][vc_column_text]\n<h3><span style=\"color: #333333;\">Troyes, <strong>la romantique<\/strong><\/span><\/h3>\n[\/vc_column_text][\/vc_column][\/vc_row][vc_row][vc_column width=\u00a0\u00bb1\/2&Prime;][vc_column_text]\n<p style=\"text-align: justify;\">A une heure et demie de Paris et vingt minutes du plus grand ensemble lacustre d\u2019Europe, se dresse une cit\u00e9 Renaissance qui incarne l\u2019art de vivre \u00e0 la fran\u00e7aise.<\/p>\n<p style=\"text-align: justify;\">Sa farandole multicolore de maisons \u00e0 pans de bois tout droit surgies du beau XVIe si\u00e8cle en font un joyau du patrimoine national.<\/p>\n<p style=\"text-align: justify;\">Cette cit\u00e9, o\u00f9 l\u2019on prend encore le temps de r\u00eaver d\u2019amour et d\u2019eau fra\u00eeche, c\u2019est Troyes.<\/p>\n<p style=\"text-align: justify;\">Avec son d\u00e9dale de rues jouant \u00e0 cache-cache avec l\u2019histoire, ses quais o\u00f9 l\u2019on se pla\u00eet \u00e0 d\u00e9ambuler, sa myriade d\u2019\u00e9glises gothiques renfermant la plus belle collection de vitraux de France, Troyes offre aux \u00e2mes bien n\u00e9es un d\u00e9licat bouquet de sensations.<\/p>\n<p style=\"text-align: justify;\">A Troyes, l\u2019esprit chavire et le c\u0153ur bat plus fort !<\/p>\n[\/vc_column_text][\/vc_column][vc_column width=\u00a0\u00bb1\/2&Prime;][vc_column_text]\n<p style=\"text-align: justify;\">Pour d\u00e9couvrir l\u2019inventaire de l\u2019amour et de la tendresse, rien de mieux qu\u2019une balade en amoureux dans la cit\u00e9 aux milles couleurs\u2026<\/p>\n<ul>\n<li>Les maisons \u00e0 pans de bois tendrement blotties les unes contre les autres<\/li>\n<li>Son d\u00e9dale de rues \u00e9troites<\/li>\n<li>Lili, la dame au chapeau (Andr\u00e0s Lapis) qui guette du coin de l\u2019\u0153il l\u2019arriv\u00e9e de son pr\u00e9tendant<\/li>\n<li>La jeune fille au baiser (Sjer Jacobs)<\/li>\n<li>Le Rapt, enl\u00e8vement d\u2019une na\u00efade par un Triton (Auguste Suchetet)<\/li>\n<li>La passerelle du canal de la Haute Seine pour les cadenas de l\u2019amour<\/li>\n<li>Le c\u0153ur de la ville qui rougit la nuit venue d\u00e8s que l\u2019on s\u2019en approche<\/li>\n<\/ul>\n<p>Pour tout savoir sur les histoires d\u2019amour c\u00e9l\u00e8bre de l\u2019Aube et le <a href=\"http:\/\/www.tourisme-troyes.com\/decouvrir\/le-romantisme-troyes\/envie-de-troyes\" target=\"_blank\"><strong>romantisme \u00e0 Troyes<\/strong><\/a>, consultez le guide\u00a0: <strong><a href=\"http:\/\/www.aube-champagne.com\/assets\/uploads\/2015\/02\/Envie_de_Troyes.pdf\" target=\"_blank\">Envie de Troyes<\/a><\/strong>[\/vc_column_text][\/vc_column][\/vc_row][vc_row][vc_column][vc_single_image image=\u00a0\u00bb12535&Prime; img_size=\u00a0\u00bb800&#215;375&Prime; alignment=\u00a0\u00bbcenter\u00a0\u00bb style=\u00a0\u00bbvc_box_shadow\u00a0\u00bb][vc_separator el_width=\u00a0\u00bb80&Prime;][\/vc_column][\/vc_row][vc_row][vc_column width=\u00a0\u00bb1\/2&Prime;][vc_column_text]\n<div class=\"wpb_text_column wpb_content_element \">\n<div class=\"wpb_wrapper\">\n<h3><span style=\"color: #333333;\">Troyes, <strong>capitale du shopping<\/strong><\/span><\/h3>\n<p>&nbsp;<\/p>\n<p style=\"text-align: justify;\">C\u2019est \u00e0<b><strong> Troyes<\/strong><\/b> qu\u2019est n\u00e9 le ph\u00e9nom\u00e8ne des magasins d\u2019usine, d\u00e9sormais beaucoup copi\u00e9, mais jamais \u00e9gal\u00e9. La ville est \u2013 et reste \u2013 le plus grand centre europ\u00e9en du genre. Elle doit une part de sa notori\u00e9t\u00e9 d\u2019aujourd\u2019hui \u00e0 cette forme de tourisme commercial qu\u2019elle a invent\u00e9.<br \/>\nChaque ann\u00e9e, deux millions de visiteurs, provenant de tous les horizons, profitent des ces bons plans de<b><strong>\u00a030 \u00e0 50 % moins cher en moyenne par rapport aux boutiques traditionnelles<\/strong><\/b> pour des fins de s\u00e9ries qui n\u2019ont rien de d\u00e9mod\u00e9.<\/p>\n<p style=\"text-align: justify;\"><strong>Date des soldes d\u2019hiver : <\/strong>du mercredi\u00a011 janvier au mercredi 14 f\u00e9vrier 2017<\/p>\n<h5 style=\"text-align: justify;\"><span style=\"text-decoration: underline;\"><span style=\"color: #cfb038;\"><a style=\"color: #cfb038; text-decoration: underline;\" href=\"https:\/\/www.aube-champagne.com\/fr\/shopping\/shopping-img\/\">Tout savoir sur les centres de marques<\/a><\/span><\/span><\/h5>\n<\/div>\n<\/div>\n[\/vc_column_text][\/vc_column][vc_column width=\u00a0\u00bb1\/2&Prime;][vc_single_image image=\u00a0\u00bb12543&Prime; img_size=\u00a0\u00bb600&#215;300&Prime; alignment=\u00a0\u00bbcenter\u00a0\u00bb style=\u00a0\u00bbvc_box_shadow\u00a0\u00bb onclick=\u00a0\u00bbcustom_link\u00a0\u00bb img_link_target=\u00a0\u00bb_blank\u00a0\u00bb link=\u00a0\u00bbhttp:\/\/www.aube-champagne.com\/en\/shopping\/\u00a0\u00bb][\/vc_column][\/vc_row]\n<\/div>","protected":false},"excerpt":{"rendered":"<p>[vc_row][vc_column width=\u00a0\u00bb2\/3&Prime;][vc_empty_space height=\u00a0\u00bb70px\u00a0\u00bb][vc_column_text] Rapha\u00ebl Mezrahi et Claudia Tagbo [\/vc_column_text][vc_video link=\u00a0\u00bbhttps:\/\/youtu.be\/5hIfODs66_w \u00a0\u00bb title=\u00a0\u00bbL&rsquo;Aube, Oui mais en Champagne ! &#8211; Episode 4&Prime;][\/vc_column][vc_column width=\u00a0\u00bb1\/3&Prime;][vc_column_text] Retrouvez les autres vid\u00e9os Oui mais en Champagne ! [\/vc_column_text][vc_single_image image=\u00a0\u00bb9865&Prime; img_size=\u00a0\u00bb200&#215;88&Prime; alignment=\u00a0\u00bbcenter\u00a0\u00bb style=\u00a0\u00bbvc_box_outline\u00a0\u00bb border_color=\u00a0\u00bbchino\u00a0\u00bb onclick=\u00a0\u00bbcustom_link\u00a0\u00bb link=\u00a0\u00bbhttp:\/\/www.aube-champagne.com\/?p=12333&Prime;][vc_single_image image=\u00a0\u00bb11330&Prime; img_size=\u00a0\u00bb200&#215;88&Prime; alignment=\u00a0\u00bbcenter\u00a0\u00bb style=\u00a0\u00bbvc_box_outline\u00a0\u00bb border_color=\u00a0\u00bbchino\u00a0\u00bb onclick=\u00a0\u00bbcustom_link\u00a0\u00bb link=\u00a0\u00bbhttp:\/\/www.aube-champagne.com\/?p=12366&Prime;][vc_single_image&hellip;  <a href=\"https:\/\/www.aube-champagne.com\/fr\/laube-oui-mais-en-champagne-avec-raphael-mezrahi-et-claudia-tagbo\/\" title=\"Read L\u2019Aube, Oui mais en Champagne avec Rapha\u00ebl Mezrahi et Claudia Tagbo\">En savoir plus&raquo;<\/a><\/p>\n","protected":false},"author":2,"featured_media":12277,"parent":0,"menu_order":0,"comment_status":"closed","ping_status":"closed","template":"","meta":{"footnotes":""},"class_list":["post-12425","page","type-page","status-publish","has-post-thumbnail","hentry"],"yoast_head":"<!-- This site is optimized with the Yoast SEO plugin v27.5 - https:\/\/yoast.com\/product\/yoast-seo-wordpress\/ -->\n<title>L\u2019Aube, Oui mais en Champagne avec Rapha\u00ebl Mezrahi et Claudia Tagbo - Aube Champagne<\/title>\n<meta name=\"description\" content=\"D\u00e9couvrez l&#039;Aube, oui mais en Champagne avec Rapha\u00ebl Mezrahi et Claudia Tagbo\" \/>\n<meta name=\"robots\" content=\"index, follow, max-snippet:-1, max-image-preview:large, max-video-preview:-1\" \/>\n<link rel=\"canonical\" href=\"https:\/\/www.aube-champagne.com\/fr\/laube-oui-mais-en-champagne-avec-raphael-mezrahi-et-claudia-tagbo\/\" \/>\n<meta property=\"og:locale\" content=\"fr_FR\" \/>\n<meta property=\"og:type\" content=\"article\" \/>\n<meta property=\"og:title\" content=\"L\u2019Aube, Oui mais en Champagne avec Rapha\u00ebl Mezrahi et Claudia Tagbo - Aube Champagne\" \/>\n<meta property=\"og:description\" content=\"D\u00e9couvrez l&#039;Aube, oui mais en Champagne avec Rapha\u00ebl Mezrahi et Claudia Tagbo\" \/>\n<meta property=\"og:url\" content=\"https:\/\/www.aube-champagne.com\/fr\/laube-oui-mais-en-champagne-avec-raphael-mezrahi-et-claudia-tagbo\/\" \/>\n<meta property=\"og:site_name\" content=\"Aube Champagne\" \/>\n<meta property=\"article:publisher\" content=\"https:\/\/www.facebook.com\/aube.champagne\" \/>\n<meta property=\"article:modified_time\" content=\"2016-10-26T12:01:17+00:00\" \/>\n<meta property=\"og:image\" content=\"https:\/\/www.aube-champagne.com\/assets\/uploads\/2016\/02\/tagbo.jpg\" \/>\n\t<meta property=\"og:image:width\" content=\"564\" \/>\n\t<meta property=\"og:image:height\" content=\"268\" \/>\n\t<meta property=\"og:image:type\" content=\"image\/jpeg\" \/>\n<meta name=\"twitter:card\" content=\"summary_large_image\" \/>\n<meta name=\"twitter:site\" content=\"@AubeChampagne\" \/>\n<meta name=\"twitter:label1\" content=\"Dur\u00e9e de lecture estim\u00e9e\" \/>\n\t<meta name=\"twitter:data1\" content=\"6 minutes\" \/>\n<script type=\"application\/ld+json\" class=\"yoast-schema-graph\">{\"@context\":\"https:\\\/\\\/schema.org\",\"@graph\":[{\"@type\":\"WebPage\",\"@id\":\"https:\\\/\\\/www.aube-champagne.com\\\/fr\\\/laube-oui-mais-en-champagne-avec-raphael-mezrahi-et-claudia-tagbo\\\/\",\"url\":\"https:\\\/\\\/www.aube-champagne.com\\\/fr\\\/laube-oui-mais-en-champagne-avec-raphael-mezrahi-et-claudia-tagbo\\\/\",\"name\":\"L\u2019Aube, Oui mais en Champagne avec Rapha\u00ebl Mezrahi et Claudia Tagbo - Aube Champagne\",\"isPartOf\":{\"@id\":\"https:\\\/\\\/www.aube-champagne.com\\\/fr\\\/#website\"},\"primaryImageOfPage\":{\"@id\":\"https:\\\/\\\/www.aube-champagne.com\\\/fr\\\/laube-oui-mais-en-champagne-avec-raphael-mezrahi-et-claudia-tagbo\\\/#primaryimage\"},\"image\":{\"@id\":\"https:\\\/\\\/www.aube-champagne.com\\\/fr\\\/laube-oui-mais-en-champagne-avec-raphael-mezrahi-et-claudia-tagbo\\\/#primaryimage\"},\"thumbnailUrl\":\"https:\\\/\\\/www.aube-champagne.com\\\/assets\\\/uploads\\\/2016\\\/02\\\/tagbo.jpg\",\"datePublished\":\"2016-02-23T15:21:29+00:00\",\"dateModified\":\"2016-10-26T12:01:17+00:00\",\"description\":\"D\u00e9couvrez l'Aube, oui mais en Champagne avec Rapha\u00ebl Mezrahi et Claudia Tagbo\",\"breadcrumb\":{\"@id\":\"https:\\\/\\\/www.aube-champagne.com\\\/fr\\\/laube-oui-mais-en-champagne-avec-raphael-mezrahi-et-claudia-tagbo\\\/#breadcrumb\"},\"inLanguage\":\"fr-FR\",\"potentialAction\":[{\"@type\":\"ReadAction\",\"target\":[\"https:\\\/\\\/www.aube-champagne.com\\\/fr\\\/laube-oui-mais-en-champagne-avec-raphael-mezrahi-et-claudia-tagbo\\\/\"]}]},{\"@type\":\"ImageObject\",\"inLanguage\":\"fr-FR\",\"@id\":\"https:\\\/\\\/www.aube-champagne.com\\\/fr\\\/laube-oui-mais-en-champagne-avec-raphael-mezrahi-et-claudia-tagbo\\\/#primaryimage\",\"url\":\"https:\\\/\\\/www.aube-champagne.com\\\/assets\\\/uploads\\\/2016\\\/02\\\/tagbo.jpg\",\"contentUrl\":\"https:\\\/\\\/www.aube-champagne.com\\\/assets\\\/uploads\\\/2016\\\/02\\\/tagbo.jpg\",\"width\":564,\"height\":268},{\"@type\":\"BreadcrumbList\",\"@id\":\"https:\\\/\\\/www.aube-champagne.com\\\/fr\\\/laube-oui-mais-en-champagne-avec-raphael-mezrahi-et-claudia-tagbo\\\/#breadcrumb\",\"itemListElement\":[{\"@type\":\"ListItem\",\"position\":1,\"name\":\"Accueil\",\"item\":\"https:\\\/\\\/www.aube-champagne.com\\\/fr\\\/\"},{\"@type\":\"ListItem\",\"position\":2,\"name\":\"L\u2019Aube, Oui mais en Champagne avec Rapha\u00ebl Mezrahi et Claudia Tagbo\"}]},{\"@type\":\"WebSite\",\"@id\":\"https:\\\/\\\/www.aube-champagne.com\\\/fr\\\/#website\",\"url\":\"https:\\\/\\\/www.aube-champagne.com\\\/fr\\\/\",\"name\":\"Aube Champagne\",\"description\":\"Aube Champagne\",\"potentialAction\":[{\"@type\":\"SearchAction\",\"target\":{\"@type\":\"EntryPoint\",\"urlTemplate\":\"https:\\\/\\\/www.aube-champagne.com\\\/fr\\\/?s={search_term_string}\"},\"query-input\":{\"@type\":\"PropertyValueSpecification\",\"valueRequired\":true,\"valueName\":\"search_term_string\"}}],\"inLanguage\":\"fr-FR\"}]}<\/script>\n<!-- \/ Yoast SEO plugin. -->","yoast_head_json":{"title":"L\u2019Aube, Oui mais en Champagne avec Rapha\u00ebl Mezrahi et Claudia Tagbo - Aube Champagne","description":"D\u00e9couvrez l'Aube, oui mais en Champagne avec Rapha\u00ebl Mezrahi et Claudia Tagbo","robots":{"index":"index","follow":"follow","max-snippet":"max-snippet:-1","max-image-preview":"max-image-preview:large","max-video-preview":"max-video-preview:-1"},"canonical":"https:\/\/www.aube-champagne.com\/fr\/laube-oui-mais-en-champagne-avec-raphael-mezrahi-et-claudia-tagbo\/","og_locale":"fr_FR","og_type":"article","og_title":"L\u2019Aube, Oui mais en Champagne avec Rapha\u00ebl Mezrahi et Claudia Tagbo - Aube Champagne","og_description":"D\u00e9couvrez l'Aube, oui mais en Champagne avec Rapha\u00ebl Mezrahi et Claudia Tagbo","og_url":"https:\/\/www.aube-champagne.com\/fr\/laube-oui-mais-en-champagne-avec-raphael-mezrahi-et-claudia-tagbo\/","og_site_name":"Aube Champagne","article_publisher":"https:\/\/www.facebook.com\/aube.champagne","article_modified_time":"2016-10-26T12:01:17+00:00","og_image":[{"width":564,"height":268,"url":"https:\/\/www.aube-champagne.com\/assets\/uploads\/2016\/02\/tagbo.jpg","type":"image\/jpeg"}],"twitter_card":"summary_large_image","twitter_site":"@AubeChampagne","twitter_misc":{"Dur\u00e9e de lecture estim\u00e9e":"6 minutes"},"schema":{"@context":"https:\/\/schema.org","@graph":[{"@type":"WebPage","@id":"https:\/\/www.aube-champagne.com\/fr\/laube-oui-mais-en-champagne-avec-raphael-mezrahi-et-claudia-tagbo\/","url":"https:\/\/www.aube-champagne.com\/fr\/laube-oui-mais-en-champagne-avec-raphael-mezrahi-et-claudia-tagbo\/","name":"L\u2019Aube, Oui mais en Champagne avec Rapha\u00ebl Mezrahi et Claudia Tagbo - Aube Champagne","isPartOf":{"@id":"https:\/\/www.aube-champagne.com\/fr\/#website"},"primaryImageOfPage":{"@id":"https:\/\/www.aube-champagne.com\/fr\/laube-oui-mais-en-champagne-avec-raphael-mezrahi-et-claudia-tagbo\/#primaryimage"},"image":{"@id":"https:\/\/www.aube-champagne.com\/fr\/laube-oui-mais-en-champagne-avec-raphael-mezrahi-et-claudia-tagbo\/#primaryimage"},"thumbnailUrl":"https:\/\/www.aube-champagne.com\/assets\/uploads\/2016\/02\/tagbo.jpg","datePublished":"2016-02-23T15:21:29+00:00","dateModified":"2016-10-26T12:01:17+00:00","description":"D\u00e9couvrez l'Aube, oui mais en Champagne avec Rapha\u00ebl Mezrahi et Claudia Tagbo","breadcrumb":{"@id":"https:\/\/www.aube-champagne.com\/fr\/laube-oui-mais-en-champagne-avec-raphael-mezrahi-et-claudia-tagbo\/#breadcrumb"},"inLanguage":"fr-FR","potentialAction":[{"@type":"ReadAction","target":["https:\/\/www.aube-champagne.com\/fr\/laube-oui-mais-en-champagne-avec-raphael-mezrahi-et-claudia-tagbo\/"]}]},{"@type":"ImageObject","inLanguage":"fr-FR","@id":"https:\/\/www.aube-champagne.com\/fr\/laube-oui-mais-en-champagne-avec-raphael-mezrahi-et-claudia-tagbo\/#primaryimage","url":"https:\/\/www.aube-champagne.com\/assets\/uploads\/2016\/02\/tagbo.jpg","contentUrl":"https:\/\/www.aube-champagne.com\/assets\/uploads\/2016\/02\/tagbo.jpg","width":564,"height":268},{"@type":"BreadcrumbList","@id":"https:\/\/www.aube-champagne.com\/fr\/laube-oui-mais-en-champagne-avec-raphael-mezrahi-et-claudia-tagbo\/#breadcrumb","itemListElement":[{"@type":"ListItem","position":1,"name":"Accueil","item":"https:\/\/www.aube-champagne.com\/fr\/"},{"@type":"ListItem","position":2,"name":"L\u2019Aube, Oui mais en Champagne avec Rapha\u00ebl Mezrahi et Claudia Tagbo"}]},{"@type":"WebSite","@id":"https:\/\/www.aube-champagne.com\/fr\/#website","url":"https:\/\/www.aube-champagne.com\/fr\/","name":"Aube Champagne","description":"Aube Champagne","potentialAction":[{"@type":"SearchAction","target":{"@type":"EntryPoint","urlTemplate":"https:\/\/www.aube-champagne.com\/fr\/?s={search_term_string}"},"query-input":{"@type":"PropertyValueSpecification","valueRequired":true,"valueName":"search_term_string"}}],"inLanguage":"fr-FR"}]}},"publishpress_future_action":{"enabled":false,"date":"2026-05-07 09:10:58","action":"change-status","newStatus":"draft","terms":[],"taxonomy":"translation_priority","extraData":[]},"publishpress_future_workflow_manual_trigger":{"enabledWorkflows":[]},"_links":{"self":[{"href":"https:\/\/www.aube-champagne.com\/fr\/wp-json\/wp\/v2\/pages\/12425","targetHints":{"allow":["GET"]}}],"collection":[{"href":"https:\/\/www.aube-champagne.com\/fr\/wp-json\/wp\/v2\/pages"}],"about":[{"href":"https:\/\/www.aube-champagne.com\/fr\/wp-json\/wp\/v2\/types\/page"}],"author":[{"embeddable":true,"href":"https:\/\/www.aube-champagne.com\/fr\/wp-json\/wp\/v2\/users\/2"}],"replies":[{"embeddable":true,"href":"https:\/\/www.aube-champagne.com\/fr\/wp-json\/wp\/v2\/comments?post=12425"}],"version-history":[{"count":0,"href":"https:\/\/www.aube-champagne.com\/fr\/wp-json\/wp\/v2\/pages\/12425\/revisions"}],"wp:featuredmedia":[{"embeddable":true,"href":"https:\/\/www.aube-champagne.com\/fr\/wp-json\/wp\/v2\/media\/12277"}],"wp:attachment":[{"href":"https:\/\/www.aube-champagne.com\/fr\/wp-json\/wp\/v2\/media?parent=12425"}],"curies":[{"name":"wp","href":"https:\/\/api.w.org\/{rel}","templated":true}]}}