{"id":13961,"date":"2016-03-29T08:30:45","date_gmt":"2016-03-29T07:30:45","guid":{"rendered":"http:\/\/www.aube-champagne.com\/?page_id=13961"},"modified":"2016-11-02T13:48:16","modified_gmt":"2016-11-02T12:48:16","slug":"laube-oui-mais-en-champagne-lelouch","status":"publish","type":"page","link":"https:\/\/www.aube-champagne.com\/fr\/laube-oui-mais-en-champagne-lelouch\/","title":{"rendered":"L&rsquo;Aube, Oui mais en Champagne avec Rapha\u00ebl Mezrahi et Claude Lelouch"},"content":{"rendered":"<div class=\"wpb-content-wrapper\">[vc_row][vc_column width=\u00a0\u00bb2\/3&Prime;][vc_empty_space height=\u00a0\u00bb70px\u00a0\u00bb][vc_column_text]\n<h2><span style=\"color: #cfb038;\"><strong>Rapha\u00ebl Mezrahi et Claude Lelouch<\/strong><\/span><\/h2>\n[\/vc_column_text][vc_video link=\u00a0\u00bbhttps:\/\/www.youtube.com\/watch?v=XWCTYPfeIjQ\u00a0\u00bb title=\u00a0\u00bbL&rsquo;Aube, Oui mais en Champagne ! &#8211; Episode 6&Prime;][\/vc_column][vc_column width=\u00a0\u00bb1\/3&Prime;][vc_column_text]\n<h5 style=\"text-align: center;\">Retrouvez les autres vid\u00e9os<br \/>\n<strong>Oui mais en Champagne<\/strong> !<\/h5>\n[\/vc_column_text][vc_single_image image=\u00a0\u00bb9865&Prime; img_size=\u00a0\u00bb200&#215;88&Prime; alignment=\u00a0\u00bbcenter\u00a0\u00bb style=\u00a0\u00bbvc_box_outline\u00a0\u00bb border_color=\u00a0\u00bbchino\u00a0\u00bb onclick=\u00a0\u00bbcustom_link\u00a0\u00bb link=\u00a0\u00bbhttp:\/\/aube-champagne.com\/?p=12333&Prime;][vc_single_image image=\u00a0\u00bb11330&Prime; img_size=\u00a0\u00bb200&#215;88&Prime; alignment=\u00a0\u00bbcenter\u00a0\u00bb style=\u00a0\u00bbvc_box_outline\u00a0\u00bb border_color=\u00a0\u00bbchino\u00a0\u00bb onclick=\u00a0\u00bbcustom_link\u00a0\u00bb link=\u00a0\u00bbhttp:\/\/www.aube-champagne.com\/?p=12366&Prime;][vc_single_image image=\u00a0\u00bb12282&Prime; img_size=\u00a0\u00bb200&#215;88&Prime; alignment=\u00a0\u00bbcenter\u00a0\u00bb style=\u00a0\u00bbvc_box_outline\u00a0\u00bb border_color=\u00a0\u00bbchino\u00a0\u00bb onclick=\u00a0\u00bbcustom_link\u00a0\u00bb link=\u00a0\u00bbhttp:\/\/www.aube-champagne.com\/?p=12388&Prime;][vc_single_image image=\u00a0\u00bb12277&Prime; img_size=\u00a0\u00bb200&#215;88&Prime; alignment=\u00a0\u00bbcenter\u00a0\u00bb style=\u00a0\u00bbvc_box_outline\u00a0\u00bb border_color=\u00a0\u00bbchino\u00a0\u00bb onclick=\u00a0\u00bbcustom_link\u00a0\u00bb link=\u00a0\u00bbhttp:\/\/www.aube-champagne.com\/?p=12425&Prime;][vc_single_image image=\u00a0\u00bb12315&Prime; img_size=\u00a0\u00bb200&#215;88&Prime; alignment=\u00a0\u00bbcenter\u00a0\u00bb style=\u00a0\u00bbvc_box_outline\u00a0\u00bb border_color=\u00a0\u00bbchino\u00a0\u00bb onclick=\u00a0\u00bbcustom_link\u00a0\u00bb link=\u00a0\u00bbhttp:\/\/www.aube-champagne.com\/?p=12563&Prime;][\/vc_column][\/vc_row][vc_row][vc_column][vc_separator][vc_column_text]\n<h3 style=\"text-align: center;\"><strong><span style=\"color: #cfb038;\">D\u00e9couvrez les Grands Lacs,<br \/>\nOui mais en Champagne !<\/span><\/strong><\/h3>\n[\/vc_column_text][\/vc_column][\/vc_row][vc_row][vc_column][vc_column_text]\n<div class=\"wpb_text_column wpb_content_element \">\n<div class=\"wpb_wrapper\">\n<p>L\u2019Aube, avec son immense <a href=\"https:\/\/www.aube-champagne.com\/fr\/portfolio-post\/parc-naturel-regional-de-la-foret-dorient\/\" target=\"_blank\">Parc Naturel R\u00e9gional de la For\u00eat d\u2019Orient<\/a>, est une oasis verte et bleue, \u00e0 vivre \u00e0 pleins poumons. L\u2019eau y est partout pr\u00e9sente. Et pour cause : c\u2019est dans ce pays de ruisseaux et d\u2019\u00e9tangs que l\u2019on a construit\u00a0trois grands lacs artificiels : le<a href=\"http:\/\/www.aube-champagne.com\/fr\/poi\/lac-d-orient\" target=\"_blank\"> lac d\u2019Orient<\/a>, le <a href=\"http:\/\/www.aube-champagne.com\/fr\/poi\/lac-du-temple\" target=\"_blank\">lac du Temple<\/a> et le <a href=\"http:\/\/www.aube-champagne.com\/fr\/poi\/lac-amance\" target=\"_blank\">lac Amance<\/a>.<\/p>\n<p>Destin\u00e9s \u00e0 r\u00e9guler le cours de la Seine et de l\u2019Aube, ils se sont parfaitement fondus dans l\u2019environnement et sont devenus des espaces propices \u00e0 toutes les \u00e9vasions, \u00e0 toutes les sensations. Ils invitent \u00e9galement \u00e0 la d\u00e9couverte et \u00e0 la pr\u00e9servation de la faune et de la flore.<\/p>\n<h5 style=\"text-align: center;\"><em><strong>Bienvenue au Pays des Grands Lacs qui combine loisirs, nature et patrimoine !<\/strong><\/em><\/h5>\n<\/div>\n<\/div>\n[\/vc_column_text][\/vc_column][\/vc_row][vc_row disable_element=\u00a0\u00bbyes\u00a0\u00bb][vc_column][vc_separator el_width=\u00a0\u00bb30&Prime;][vc_column_text]\n<h4 style=\"text-align: left;\"><span style=\"color: #333333;\">Les manifestations 2017<\/span><\/h4>\n[\/vc_column_text][\/vc_column][\/vc_row][vc_row disable_element=\u00a0\u00bbyes\u00a0\u00bb][vc_column width=\u00a0\u00bb1\/2&Prime;][vc_column_text]A venir&#8230;[\/vc_column_text][\/vc_column][vc_column width=\u00a0\u00bb1\/2&Prime;][vc_single_image image=\u00a0\u00bb14030&Prime; img_size=\u00a0\u00bb500&#215;250&Prime; alignment=\u00a0\u00bbcenter\u00a0\u00bb style=\u00a0\u00bbvc_box_shadow\u00a0\u00bb][\/vc_column][\/vc_row][vc_row][vc_column][vc_separator][vc_empty_space height=\u00a0\u00bb25px\u00a0\u00bb][vc_column_text]\n<h4 style=\"text-align: left;\"><span style=\"color: #333333;\">Les activit\u00e9s nature<\/span><\/h4>\n[\/vc_column_text][\/vc_column][\/vc_row][vc_row][vc_column width=\u00a0\u00bb1\/2&Prime;][vc_column_text]\n<h5 style=\"text-align: center;\"><span style=\"color: #40bcdb;\"><strong>La voie ver<span style=\"color: #40bcdb;\">te<\/span> des lacs<\/strong><\/span><\/h5>\n<p style=\"text-align: justify;\">L&rsquo;occasion id\u00e9ale pour les amoureux de la nature, les familles ou les sportifs de d\u00e9couvrir l&rsquo;Aube autrement, en profitant des charmes de chaque saison. Champs, for\u00eats et lacs jalonnent l&rsquo;itin\u00e9raire.<br \/>\nAu d\u00e9part de Troyes, la voie verte longe le chemin de halage qui court le long du canal de restitution des lacs de la for\u00eat d&rsquo;Orient. Puis, elle suit une petite portion de route d\u00e9partementale entre les communes de Lusigny sur Barse et G\u00e9raudot et leurs plages respectives.<br \/>\nSur le reste du parcours, elle emprunte les digues lacustres et offre une vue id\u00e9ale sur les trois lacs : lac d&rsquo;Orient, lac du Temple et lac Amance. A seulement une quinzaine de kilom\u00e8tres de Troyes et pourtant d\u00e9j\u00e0 si loin des rumeurs de la ville, la voie verte fait entrer les cyclotouristes dans le Parc naturel r\u00e9gional de la for\u00eat d&rsquo;Orient : 10 000 hectares de for\u00eat, un formidable \u00e9crin vert o\u00f9 partout l&rsquo;eau affleure.<\/p>\n<p style=\"text-align: justify;\">Comme tout le monde ne peut parcourir 84 kilom\u00e8tres en une seule fois, des acc\u00e8s au site (avec 8 parkings) se font tout le long de l&rsquo;itin\u00e9raire permettant ainsi des d\u00e9couvertes par tron\u00e7ons de la voie verte des lacs.<\/p>\n<p style=\"text-align: justify;\">La voie verte permet aussi de pratiquer du sport \u00e0 tous les niveaux. Pour le promeneur occasionnel, le d\u00e9nivel\u00e9 est tr\u00e8s faible et elle peut \u00eatre parcourue par chacun \u00e0 son rythme. Pour la comp\u00e9tition, les performances sont aussi possibles puisque les distances sont indiqu\u00e9es au sol.<\/p>\n<p><a href=\"http:\/\/www.aube-champagne.com\/assets\/uploads\/2015\/02\/velovoie.pdf\" target=\"_blank\">T\u00e9l\u00e9chargez la brochure de la V\u00e9lovoie des lacs<\/a>[\/vc_column_text][\/vc_column][vc_column width=\u00a0\u00bb1\/2&Prime;][vc_empty_space height=\u00a0\u00bb70px\u00a0\u00bb][vc_gallery interval=\u00a0\u00bb3&Prime; images=\u00a0\u00bb13986,13992,13997,13981&Prime; img_size=\u00a0\u00bbfull\u00a0\u00bb][\/vc_column][\/vc_row][vc_row][vc_column][vc_separator el_width=\u00a0\u00bb30&Prime;][\/vc_column][\/vc_row][vc_row][vc_column width=\u00a0\u00bb1\/2&Prime;][vc_column_text]\n<h5 style=\"text-align: center;\"><span style=\"color: #40bcdb;\"><strong>Les randonn\u00e9es p\u00e9destres<\/strong><\/span><\/h5>\n[\/vc_column_text][vc_single_image image=\u00a0\u00bb14009&Prime; img_size=\u00a0\u00bb500&#215;250&Prime; alignment=\u00a0\u00bbcenter\u00a0\u00bb style=\u00a0\u00bbvc_box_shadow\u00a0\u00bb onclick=\u00a0\u00bbcustom_link\u00a0\u00bb img_link_target=\u00a0\u00bb_blank\u00a0\u00bb link=\u00a0\u00bbhttp:\/\/www.cirkwi.com\/fr\/circuit\/45698-sur-les-traces-des-templiers-en-foret-d-orient\u00a0\u00bb][vc_column_text]D\u00e9couvrez l&rsquo;Aube au travers de <a href=\"https:\/\/www.aube-champagne.com\/fr\/portfolio-post\/les-randonnees-pedestres\/\" target=\"_blank\">nombreuses randonn\u00e9es<\/a> qui sillonnent le d\u00e9partement.<\/p>\n<p>Et pour allier culture et sport, <a href=\"http:\/\/www.cirkwi.com\/fr\/circuit\/45698-sur-les-traces-des-templiers-en-foret-d-orient\" target=\"_blank\">la randonn\u00e9e Templi\u00e8re<\/a> vous permettra de d\u00e9couvrir l&rsquo;histoire d&rsquo;Hugues de Payns et de l&rsquo;Ordre des Templiers.<\/p>\n<p><a href=\"http:\/\/www.soyezsurpris.fr\/2015\/10\/randonnee-en-foret-dorient-sur-les-traces-des-templiers\/\" target=\"_blank\">Plus d&rsquo;informations sur la randonn\u00e9e \u00ab\u00a0Sur les traces des Templiers en for\u00eat d&rsquo;Orient\u00a0\u00bb<\/a>[\/vc_column_text][\/vc_column][vc_column width=\u00a0\u00bb1\/2&Prime;][vc_column_text]\n<h5 style=\"text-align: center;\"><span style=\"color: #40bcdb;\"><strong>Les sports nautiques<\/strong><\/span><\/h5>\n[\/vc_column_text][vc_single_image image=\u00a0\u00bb9694&Prime; img_size=\u00a0\u00bb500&#215;250&Prime; alignment=\u00a0\u00bbcenter\u00a0\u00bb style=\u00a0\u00bbvc_box_shadow\u00a0\u00bb onclick=\u00a0\u00bbcustom_link\u00a0\u00bb img_link_target=\u00a0\u00bb_blank\u00a0\u00bb link=\u00a0\u00bbhttp:\/\/www.aube-champagne.com\/assets\/uploads\/2015\/02\/Activites_et_equipements_sportifs_sur_les_lacs_de_la_foret_dOrient_2010.pdf\u00a0\u00bb][vc_column_text]\n<p style=\"text-align: justify;\">Les trois plages de sable fin, am\u00e9nag\u00e9es \u00e0 Mesnil Saint P\u00e8re, G\u00e9raudot et Lusigny sur Barse, vous invitent au farniente et \u00e0 la baignade en plein c\u0153ur du Parc Naturel de la For\u00eat d&rsquo;Orient.<\/p>\n<p style=\"text-align: justify;\">De mars \u00e0 novembre le lac d&rsquo;Orient se transforme en paradis des quillards, d\u00e9riveurs, petits d\u00e9riveurs et planches \u00e0 voile. Plong\u00e9e sous-marine, cano\u00eb kayak, p\u00e9dalo et barque sont \u00e9galement praticables comme beaucoup d&rsquo;autres sports nautiques. La <a href=\"http:\/\/www.aube-champagne.com\/fr\/pecheur\/\" target=\"_blank\">p\u00eache<\/a> y est particuli\u00e8rement fructueuse.<\/p>\n<p style=\"text-align: justify;\"><a href=\"http:\/\/www.aube-champagne.com\/assets\/uploads\/2015\/02\/Activites_et_equipements_sportifs_sur_les_lacs_de_la_foret_dOrient_2010.pdf\" target=\"_blank\">Consultez la brochure des activit\u00e9s et \u00e9quipements sportifs sur les Lacs<\/a><\/p>\n[\/vc_column_text][\/vc_column][\/vc_row][vc_row][vc_column][vc_separator el_width=\u00a0\u00bb30&Prime;][\/vc_column][\/vc_row][vc_row][vc_column width=\u00a0\u00bb1\/2&Prime;][vc_column_text]\n<h5 style=\"text-align: center;\"><span style=\"color: #40bcdb;\"><strong>Nouveaut\u00e9 2016 : Un laser-game outdoor !<\/strong><\/span><\/h5>\n[\/vc_column_text][vc_single_image image=\u00a0\u00bb14016&Prime; img_size=\u00a0\u00bb500&#215;250&Prime; alignment=\u00a0\u00bbcenter\u00a0\u00bb style=\u00a0\u00bbvc_box_shadow\u00a0\u00bb onclick=\u00a0\u00bbcustom_link\u00a0\u00bb img_link_target=\u00a0\u00bb_blank\u00a0\u00bb link=\u00a0\u00bbhttp:\/\/www.aube-champagne.com\/fr\/poi\/forest-game\u00a0\u00bb][vc_column_text]\n<p style=\"text-align: justify;\">A proximit\u00e9 de la plage de Lusigny-sur-Barse, vous pourrez d&rsquo;avril \u00e0 octobre, profitez d&rsquo;un laser-game en plein air ! Dans plus d&rsquo;1,7 hectares de for\u00eat, laissez-vous tenter par une activit\u00e9 ludique pour petits et grands \u00e0 partir de 6 ans.<\/p>\n<p style=\"text-align: justify;\"><a href=\"http:\/\/www.aube-champagne.com\/fr\/poi\/forest-game\" target=\"_blank\">En savoir plus&#8230;<\/a><\/p>\n[\/vc_column_text][\/vc_column][vc_column width=\u00a0\u00bb1\/2&Prime;][vc_column_text]\n<h5 style=\"text-align: center;\"><strong><span style=\"color: #40bcdb;\">Parc aventure Grimpobranches<\/span><br \/>\n<\/strong><\/h5>\n[\/vc_column_text][vc_single_image image=\u00a0\u00bb14022&Prime; img_size=\u00a0\u00bb500&#215;250&Prime; alignment=\u00a0\u00bbcenter\u00a0\u00bb style=\u00a0\u00bbvc_box_shadow\u00a0\u00bb onclick=\u00a0\u00bbcustom_link\u00a0\u00bb img_link_target=\u00a0\u00bb_blank\u00a0\u00bb link=\u00a0\u00bbhttp:\/\/www.aube-champagne.com\/fr\/poi\/grimpobranches-de-lusigny-sur-barse\/\u00a0\u00bb][vc_column_text]\n<p style=\"text-align: justify;\">Venez en famille ou entre amis pour d\u00e9couvrir de nouvelles sensations entre terre et ciel. 5 parcours et plus de 70 ateliers vous attendent. Tyroliennes g\u00e9antes (plus de 150 m\u00e8tres), ponts de singes, sauts de tarzan &#8230;\u00a0Rendez-vous \u00e0 Lusigny-sur-Barse pr\u00e8s du Lac d&rsquo;Orient !<\/p>\n<p><a href=\"http:\/\/www.aube-champagne.com\/fr\/poi\/grimpobranches-de-lusigny-sur-barse\/\" target=\"_blank\">Plus d&rsquo;informations sur Grimpobranches<\/a>[\/vc_column_text][\/vc_column][\/vc_row][vc_row][vc_column][vc_separator el_width=\u00a0\u00bb30&Prime;][\/vc_column][\/vc_row][vc_row][vc_column width=\u00a0\u00bb1\/2&Prime;][vc_column_text]\n<h5 style=\"text-align: center;\"><strong><span style=\"color: #40bcdb;\">Balade sur les lacs en Bateau Ivre<\/span><br \/>\n<\/strong><\/h5>\n[\/vc_column_text][vc_single_image image=\u00a0\u00bb11024&Prime; img_size=\u00a0\u00bb500&#215;250&Prime; alignment=\u00a0\u00bbcenter\u00a0\u00bb style=\u00a0\u00bbvc_box_shadow\u00a0\u00bb onclick=\u00a0\u00bbcustom_link\u00a0\u00bb img_link_target=\u00a0\u00bb_blank\u00a0\u00bb link=\u00a0\u00bbhttp:\/\/www.aube-champagne.com\/fr\/poi\/le-bateau-ivre\/\u00a0\u00bb][vc_column_text]\n<p style=\"text-align: justify;\">Le <a href=\"http:\/\/www.aube-champagne.com\/fr\/poi\/le-bateau-ivre\/\" target=\"_blank\">Bateau Ivre<\/a> vous promet culture, promenade et d\u00e9tente sur le Lac d&rsquo;Orient d&rsquo;avril \u00e0 septembre. Au travers d&rsquo;une visite comment\u00e9e d&rsquo;1 heure vous d\u00e9couvrirez ce lac artificiel devenu r\u00e9serve naturelle.<\/p>\n<p style=\"text-align: justify;\">Et pour ceux qui souhaiteraient allier gastronomie et balade, un repas croisi\u00e8re de 2 heures est \u00e9galement possible.<\/p>\n[\/vc_column_text][\/vc_column][vc_column width=\u00a0\u00bb1\/2&Prime;][vc_column_text]\n<h5 style=\"text-align: center;\"><strong><span style=\"color: #40bcdb;\">L&rsquo;Aube vue du ciel<\/span><br \/>\n<\/strong><\/h5>\n[\/vc_column_text][vc_single_image image=\u00a0\u00bb14038&Prime; img_size=\u00a0\u00bb500&#215;250&Prime; alignment=\u00a0\u00bbcenter\u00a0\u00bb style=\u00a0\u00bbvc_box_shadow\u00a0\u00bb onclick=\u00a0\u00bbcustom_link\u00a0\u00bb link=\u00a0\u00bbhttp:\/\/www.aube-champagne.com\/fr\/poi\/aube-ulm-services\/\u00a0\u00bb][vc_column_text]\n<p style=\"text-align: justify;\">Pour les amateurs de sensations et les amoureux des paysages a\u00e9riens, <a href=\"http:\/\/www.aube-champagne.com\/fr\/poi\/aube-ulm-services\/\" target=\"_blank\">Aube ULM<\/a> vous propose des bapt\u00eames de l&rsquo;air, balades a\u00e9riennes, initiations de pilotage ULM et paramoteur ou encore des sauts en parachute. En compagnie de Salvatore, vous\u00a0 apprendrez les anecdotes du territoire aubois.<\/p>\n[\/vc_column_text][\/vc_column][\/vc_row][vc_row][vc_column][vc_separator el_width=\u00a0\u00bb30&Prime;][\/vc_column][\/vc_row][vc_row][vc_column width=\u00a0\u00bb1\/3&Prime;][vc_column_text]\n<h5 style=\"text-align: center;\"><strong><span style=\"color: #40bcdb;\">L&rsquo;Espace Faune de la for\u00eat d&rsquo;Orient<\/span><br \/>\n<\/strong><\/h5>\n[\/vc_column_text][vc_single_image image=\u00a0\u00bb9814&Prime; img_size=\u00a0\u00bb500&#215;250&Prime; alignment=\u00a0\u00bbcenter\u00a0\u00bb style=\u00a0\u00bbvc_box_shadow\u00a0\u00bb onclick=\u00a0\u00bbcustom_link\u00a0\u00bb img_link_target=\u00a0\u00bb_blank\u00a0\u00bb link=\u00a0\u00bbhttp:\/\/www.aube-champagne.com\/fr\/poi\/espace-faune-de-la-foret-d-orient\/\u00a0\u00bb][vc_column_text]\n<p style=\"text-align: justify;\">Dans l&rsquo;<a href=\"http:\/\/www.aube-champagne.com\/fr\/poi\/espace-faune-de-la-foret-d-orient\/\" target=\"_blank\">Espace faune de la For\u00eat d\u2019Orient<\/a> petits et grands peuvent y observer les richesses naturelles de la Champagne humide (oiseaux des lacs, mares foresti\u00e8res\u2026) et surtout des mammif\u00e8res prestigieux d\u2019hier (aurochs, tarpans, \u00e9lans) et d\u2019aujourd\u2019hui (cerfs, chevreuils et sangliers) dans un cadre naturel remarquable et adapt\u00e9 \u00e0 la d\u00e9couverte de l\u2019environnement (sentier, observatoires, exposition\u2026).<\/p>\n[\/vc_column_text][\/vc_column][vc_column width=\u00a0\u00bb1\/3&Prime;][vc_column_text]\n<h5 style=\"text-align: center;\"><span style=\"color: #40bcdb;\"><strong>L&rsquo;observatoire ornithologique<\/strong><\/span><\/h5>\n[\/vc_column_text][vc_single_image image=\u00a0\u00bb8989&Prime; img_size=\u00a0\u00bb500&#215;250&Prime; alignment=\u00a0\u00bbcenter\u00a0\u00bb style=\u00a0\u00bbvc_box_shadow\u00a0\u00bb onclick=\u00a0\u00bbcustom_link\u00a0\u00bb img_link_target=\u00a0\u00bb_blank\u00a0\u00bb link=\u00a0\u00bbhttp:\/\/www.aube-champagne.com\/?p=5753&Prime;][vc_column_text]\n<p style=\"text-align: justify;\">L\u2019Aube est un d\u00e9partement d\u2019une grande richesse ornithologique. Le PNRFO et ses trois lacs sont devenus, au fils du temps, le temple des oiseaux et constituent l\u2019un des <a href=\"https:\/\/www.aube-champagne.com\/fr\/portfolio-post\/ornithologie-dans-le-parc-naturel-regional-de-la-foret-dorient\/\" target=\"_blank\">sites ornithologiques les plus riches de France<\/a>.<\/p>\n<p style=\"text-align: justify;\">Vus du ciel, les 5 000 ha des grands lacs offrent aux migrateurs des immensit\u00e9s aquatiques prometteuses d\u2019une escale de r\u00eave et d\u2019un havre de paix. Entre r\u00e9sidents permanents et migrateurs, pr\u00e8s de <strong>300 esp\u00e8ces diff\u00e9rentes<\/strong> ont \u00e9t\u00e9 d\u00e9nombr\u00e9es \u00e0 ce jour.<\/p>\n[\/vc_column_text][\/vc_column][vc_column width=\u00a0\u00bb1\/3&Prime;][vc_column_text]\n<h5 style=\"text-align: center;\"><span style=\"color: #40bcdb;\"><strong>La Ferme p\u00e9dagogique de la Marque<\/strong><\/span><\/h5>\n[\/vc_column_text][vc_single_image image=\u00a0\u00bb10590&Prime; img_size=\u00a0\u00bb500&#215;250&Prime; alignment=\u00a0\u00bbcenter\u00a0\u00bb style=\u00a0\u00bbvc_box_shadow\u00a0\u00bb onclick=\u00a0\u00bbcustom_link\u00a0\u00bb img_link_target=\u00a0\u00bb_blank\u00a0\u00bb link=\u00a0\u00bbhttp:\/\/www.aube-champagne.com\/fr\/poi\/ferme-pedagogique-de-la-marque\u00a0\u00bb][vc_column_text]\n<p style=\"text-align: justify;\">Au c\u0153ur de la For\u00eat d\u2019Orient et de ses lacs, Claudette et Alain vous accueillent dans un corps de ferme du XVII si\u00e8cle transform\u00e9 en\u00a0 ferme p\u00e9dagogique. Afin de vous faire partager leur passion et leur amour de la nature, ils vous invitent \u00e0 d\u00e9couvrir leur Eldorado : <a href=\"http:\/\/www.aube-champagne.com\/fr\/poi\/ferme-pedagogique-de-la-marque\/\" target=\"_blank\">la<\/a> <a href=\"http:\/\/www.aube-champagne.com\/fr\/poi\/ferme-pedagogique-de-la-marque\/\" target=\"_blank\">Ferme de la Marque<\/a><\/p>\n<p><strong><em>Th\u00e8mes p\u00e9dagogiques\u00a0:<\/em><\/strong><\/p>\n<ul>\n<li>D\u00e9couverte de la ferme et de ses animaux<\/li>\n<li>La vache et le lait\u00a0: l\u2019\u00e9levage et la reproduction \/ r\u00e9alisation d\u2019une ration alimentaire \/ fabrication de cr\u00e8me et de beurre<\/li>\n<\/ul>\n[\/vc_column_text][\/vc_column][\/vc_row][vc_row][vc_column][vc_separator][vc_empty_space height=\u00a0\u00bb25px\u00a0\u00bb][vc_column_text]\n<h4 style=\"text-align: left;\"><span style=\"color: #333333;\">Patrimoine et culture sur les Grands Lacs<\/span><\/h4>\n[\/vc_column_text][\/vc_column][\/vc_row][vc_row][vc_column width=\u00a0\u00bb1\/2&Prime;][vc_column_text]\n<h5 style=\"text-align: center;\"><strong><span style=\"color: #40bcdb;\">L&rsquo;\u00e9comus\u00e9e de la for\u00eat d&rsquo;Orient<\/span><br \/>\n<\/strong><\/h5>\n[\/vc_column_text][vc_single_image image=\u00a0\u00bb14048&Prime; img_size=\u00a0\u00bb500&#215;250&Prime; alignment=\u00a0\u00bbcenter\u00a0\u00bb style=\u00a0\u00bbvc_box_shadow\u00a0\u00bb onclick=\u00a0\u00bbcustom_link\u00a0\u00bb img_link_target=\u00a0\u00bb_blank\u00a0\u00bb link=\u00a0\u00bbhttp:\/\/www.aube-champagne.com\/fr\/poi\/ecomusee-de-la-foret-d-orient\/\u00a0\u00bb][vc_column_text]\n<p style=\"text-align: justify;\">Gardien de la m\u00e9moire des hommes et des traditions, l&rsquo;<a href=\"http:\/\/www.aube-champagne.com\/fr\/poi\/ecomusee-de-la-foret-d-orient\/\" target=\"_blank\">Ecomus\u00e9e de la For\u00eat d&rsquo;Orient <\/a>vous fera d\u00e9couvrir la vie rurale \u00e0 travers ses m\u00e9tiers et son habitat. L&rsquo;Ecomus\u00e9e est un lieu d&rsquo;accueil, d&rsquo;information et de r\u00e9flexion consacr\u00e9 \u00e0 la richesse de notre patrimoine r\u00e9gional unique.<\/p>\n[\/vc_column_text][\/vc_column][vc_column width=\u00a0\u00bb1\/2&Prime;][vc_column_text]\n<h5 style=\"text-align: center;\"><strong><span style=\"color: #40bcdb;\">Le c\u00e9l\u00e8bre Moulin de Dosches<\/span><br \/>\n<\/strong><\/h5>\n[\/vc_column_text][vc_single_image image=\u00a0\u00bb9699&Prime; img_size=\u00a0\u00bb500&#215;250&Prime; alignment=\u00a0\u00bbcenter\u00a0\u00bb style=\u00a0\u00bbvc_box_shadow\u00a0\u00bb onclick=\u00a0\u00bbcustom_link\u00a0\u00bb img_link_target=\u00a0\u00bb_blank\u00a0\u00bb link=\u00a0\u00bbhttp:\/\/www.aube-champagne.com\/fr\/poi\/moulin-de-dosches\u00a0\u00bb][vc_column_text]\n<p style=\"text-align: justify;\">Le <a href=\"http:\/\/www.aube-champagne.com\/fr\/poi\/moulin-de-dosches\/\">Moulin de Dosches<\/a> a \u00e9t\u00e9 reconstruit selon les techniques traditionnelles du 18\u00e8me si\u00e8cle. Celui-ci domine le village et offre un tr\u00e8s beau panorama sur le PNRFO. Il produit de la farine issue de l\u2019agriculture biologique et fait partie d\u2019un projet sur le th\u00e8me de la fabrication du pain \u00e0 la mani\u00e8re d\u2019antan. Sur le site vous pourrez visiter le moulin et la grange aux dimes puis fl\u00e2ner dans les jolis jardins m\u00e9di\u00e9vaux du moulin : le Jardin des simples qui compte une soixantaine de plantes aux vertus m\u00e9dicinales.<\/p>\n[\/vc_column_text][\/vc_column][\/vc_row][vc_row][vc_column][vc_separator el_width=\u00a0\u00bb30&Prime;][\/vc_column][\/vc_row][vc_row][vc_column width=\u00a0\u00bb1\/2&Prime;][vc_column_text]\n<h5 style=\"text-align: center;\"><strong><span style=\"color: #40bcdb;\">La Poterie d&rsquo;Amance<\/span><br \/>\n<\/strong><\/h5>\n[\/vc_column_text][vc_single_image image=\u00a0\u00bb14055&Prime; img_size=\u00a0\u00bb500&#215;250&Prime; alignment=\u00a0\u00bbcenter\u00a0\u00bb style=\u00a0\u00bbvc_box_shadow\u00a0\u00bb onclick=\u00a0\u00bbcustom_link\u00a0\u00bb img_link_target=\u00a0\u00bb_blank\u00a0\u00bb link=\u00a0\u00bbhttp:\/\/www.aube-champagne.com\/fr\/poi\/poterie-d-amance-tuilerie-drouilly\/\u00a0\u00bb][vc_column_text]\n<p style=\"text-align: justify;\">Venez d\u00e9couvrir la fabrication artisanale de poteries, tuiles et carrelages \u00e0 la <a href=\"http:\/\/www.aube-champagne.com\/fr\/poi\/poterie-d-amance-tuilerie-drouilly\/\" target=\"_blank\">Poterie d&rsquo;Amance<\/a>. Loin des productions industrielles, la poterie et tuilerie d\u2019Amance s&rsquo;efforce de perp\u00e9tuer une tradition artisanale de qualit\u00e9. Les argiles travaill\u00e9es sont issues de leur propre carri\u00e8re et cuites a 1180\u00b0, gage de qualit\u00e9 et de robustesse.<\/p>\n[\/vc_column_text][\/vc_column][vc_column width=\u00a0\u00bb1\/2&Prime;][vc_column_text]\n<h5 style=\"text-align: center;\"><strong><span style=\"color: #40bcdb;\">La Route des Saveurs et des Savoir-faire<\/span><br \/>\n<\/strong><\/h5>\n[\/vc_column_text][vc_single_image image=\u00a0\u00bb15101&Prime; img_size=\u00a0\u00bb500&#215;250&Prime; alignment=\u00a0\u00bbcenter\u00a0\u00bb style=\u00a0\u00bbvc_box_shadow\u00a0\u00bb onclick=\u00a0\u00bbcustom_link\u00a0\u00bb img_link_target=\u00a0\u00bb_blank\u00a0\u00bb link=\u00a0\u00bbhttp:\/\/www.aube-champagne.com\/fr\/poi\/route-des-saveurs-et-savoir-faire\/\u00a0\u00bb][vc_column_text]\n<p style=\"text-align: justify;\">Une route pour d\u00e9couvrir un territoire, des hommes, des savoir-faire\u2026 La Route des saveurs et des savoir-faire autour de la For\u00eat d\u2019Orient vous propose une d\u00e9couverte authentique du territoire, \u00e0 travers des rencontres uniques avec ses producteurs, artistes et artisans qui vous ouvrent leurs portes. Sillonnez le Parc naturel r\u00e9gional de la For\u00eat d\u2019Orient \u00e0 la d\u00e9couverte de ses saveurs, de ses savoir-faire et de ses richesses naturelles et patrimoniales\u00a0! La Route est un parcours libre, vous choisissez les \u00e9tapes en fonction de vos envies\u00a0!<\/p>\n<p>Plus d&rsquo;informations sur <a href=\"http:\/\/www.aube-champagne.com\/fr\/poi\/route-des-saveurs-et-savoir-faire\/\" target=\"_blank\">La Route des saveurs et des savoir-faire<\/a>[\/vc_column_text][\/vc_column][\/vc_row][vc_row][vc_column][vc_separator][\/vc_column][\/vc_row][vc_row][vc_column][vc_column_text]\n<h5 style=\"text-align: center;\"><span style=\"color: #40bcdb;\"><strong>Le parc d&rsquo;attractions Nigloland<\/strong><\/span><\/h5>\n[\/vc_column_text][rev_slider_vc alias=\u00a0\u00bbslider32&Prime;][vc_column_text]\n<p style=\"text-align: justify;\">Dans un cadre verdoyant exceptionnel, Nigloland invite ses visiteurs \u00e0 vivre une journ\u00e9e pleine d\u2019\u00e9motions : sensations, \u00e9merveillement et convivialit\u00e9.<\/p>\n<p style=\"text-align: justify;\">Plongez dans <strong>4 univers \u00e9poustouflants<\/strong> et retrouvez <strong>39 attractions et spectacles pour petits et grands<\/strong> ainsi que 8 restaurants \u00e0 th\u00e8mes. Avec 11 attractions \u00e0 sensations, Nigloland r\u00e9pond aux attentes des amateurs de sensations fortes. Les 28 attractions accessibles aux enfants de moins de 1 m\u00e8tre enchanteront les plus petits, le parc se positionne parmi les parcs d\u2019attractions fran\u00e7ais les mieux adapt\u00e9s d\u00e8s le plus jeune \u00e2ge.<\/p>\n<p style=\"text-align: justify;\">Et pour 2016, Nigloland vous propose deux nouvelles attractions \u00e0 sensation : <strong>2 tours de chute. <\/strong>Une chute\u00a0libre\u00a0vertigineuse pour les plus\u00a0courageux et une chute en douceur pour les moins t\u00e9m\u00e9raires !<\/p>\n<p style=\"text-align: justify;\"><a href=\"https:\/\/www.aube-champagne.com\/fr\/portfolio-post\/le-parc-dattraction-nigloland\/\" target=\"_blank\">Tout savoir sur Nigloland <\/a><\/p>\n[\/vc_column_text][\/vc_column][\/vc_row]\n<\/div>","protected":false},"excerpt":{"rendered":"<p>[vc_row][vc_column width=\u00a0\u00bb2\/3&Prime;][vc_empty_space height=\u00a0\u00bb70px\u00a0\u00bb][vc_column_text] Rapha\u00ebl Mezrahi et Claude Lelouch [\/vc_column_text][vc_video link=\u00a0\u00bbhttps:\/\/www.youtube.com\/watch?v=XWCTYPfeIjQ\u00a0\u00bb title=\u00a0\u00bbL&rsquo;Aube, Oui mais en Champagne ! &#8211; Episode 6&Prime;][\/vc_column][vc_column width=\u00a0\u00bb1\/3&Prime;][vc_column_text] Retrouvez les autres vid\u00e9os Oui mais en Champagne ! [\/vc_column_text][vc_single_image image=\u00a0\u00bb9865&Prime; img_size=\u00a0\u00bb200&#215;88&Prime; alignment=\u00a0\u00bbcenter\u00a0\u00bb style=\u00a0\u00bbvc_box_outline\u00a0\u00bb border_color=\u00a0\u00bbchino\u00a0\u00bb onclick=\u00a0\u00bbcustom_link\u00a0\u00bb link=\u00a0\u00bbhttp:\/\/aube-champagne.com\/?p=12333&Prime;][vc_single_image image=\u00a0\u00bb11330&Prime; img_size=\u00a0\u00bb200&#215;88&Prime; alignment=\u00a0\u00bbcenter\u00a0\u00bb style=\u00a0\u00bbvc_box_outline\u00a0\u00bb border_color=\u00a0\u00bbchino\u00a0\u00bb onclick=\u00a0\u00bbcustom_link\u00a0\u00bb link=\u00a0\u00bbhttp:\/\/www.aube-champagne.com\/?p=12366&Prime;][vc_single_image image=\u00a0\u00bb12282&Prime;&hellip;  <a href=\"https:\/\/www.aube-champagne.com\/fr\/laube-oui-mais-en-champagne-lelouch\/\" title=\"Read L&rsquo;Aube, Oui mais en Champagne avec Rapha\u00ebl Mezrahi et Claude Lelouch\">En savoir plus&raquo;<\/a><\/p>\n","protected":false},"author":2,"featured_media":13954,"parent":0,"menu_order":0,"comment_status":"closed","ping_status":"closed","template":"","meta":{"footnotes":""},"class_list":["post-13961","page","type-page","status-publish","has-post-thumbnail","hentry"],"yoast_head":"<!-- This site is optimized with the Yoast SEO plugin v27.5 - https:\/\/yoast.com\/product\/yoast-seo-wordpress\/ -->\n<title>L&#039;Aube, Oui mais en Champagne avec Rapha\u00ebl Mezrahi et Claude Lelouch - Aube Champagne<\/title>\n<meta name=\"description\" content=\"D\u00e9couvrez les Grands Lacs, oui mais en Champagne avec Rapha\u00ebl Mezrahi et Claude Lelouch\" \/>\n<meta name=\"robots\" content=\"index, follow, max-snippet:-1, max-image-preview:large, max-video-preview:-1\" \/>\n<link rel=\"canonical\" href=\"https:\/\/www.aube-champagne.com\/fr\/laube-oui-mais-en-champagne-lelouch\/\" \/>\n<meta property=\"og:locale\" content=\"fr_FR\" \/>\n<meta property=\"og:type\" content=\"article\" \/>\n<meta property=\"og:title\" content=\"L&#039;Aube, Oui mais en Champagne avec Rapha\u00ebl Mezrahi et Claude Lelouch - Aube Champagne\" \/>\n<meta property=\"og:description\" content=\"D\u00e9couvrez les Grands Lacs, oui mais en Champagne avec Rapha\u00ebl Mezrahi et Claude Lelouch\" \/>\n<meta property=\"og:url\" content=\"https:\/\/www.aube-champagne.com\/fr\/laube-oui-mais-en-champagne-lelouch\/\" \/>\n<meta property=\"og:site_name\" content=\"Aube Champagne\" \/>\n<meta property=\"article:publisher\" content=\"https:\/\/www.facebook.com\/aube.champagne\" \/>\n<meta property=\"article:modified_time\" content=\"2016-11-02T12:48:16+00:00\" \/>\n<meta property=\"og:image\" content=\"https:\/\/www.aube-champagne.com\/assets\/uploads\/2016\/02\/lelouch.jpg\" \/>\n\t<meta property=\"og:image:width\" content=\"1279\" \/>\n\t<meta property=\"og:image:height\" content=\"722\" \/>\n\t<meta property=\"og:image:type\" content=\"image\/jpeg\" \/>\n<meta name=\"twitter:card\" content=\"summary_large_image\" \/>\n<meta name=\"twitter:site\" content=\"@AubeChampagne\" \/>\n<meta name=\"twitter:label1\" content=\"Dur\u00e9e de lecture estim\u00e9e\" \/>\n\t<meta name=\"twitter:data1\" content=\"13 minutes\" \/>\n<script type=\"application\/ld+json\" class=\"yoast-schema-graph\">{\"@context\":\"https:\\\/\\\/schema.org\",\"@graph\":[{\"@type\":\"WebPage\",\"@id\":\"https:\\\/\\\/www.aube-champagne.com\\\/fr\\\/laube-oui-mais-en-champagne-lelouch\\\/\",\"url\":\"https:\\\/\\\/www.aube-champagne.com\\\/fr\\\/laube-oui-mais-en-champagne-lelouch\\\/\",\"name\":\"L'Aube, Oui mais en Champagne avec Rapha\u00ebl Mezrahi et Claude Lelouch - Aube Champagne\",\"isPartOf\":{\"@id\":\"https:\\\/\\\/www.aube-champagne.com\\\/fr\\\/#website\"},\"primaryImageOfPage\":{\"@id\":\"https:\\\/\\\/www.aube-champagne.com\\\/fr\\\/laube-oui-mais-en-champagne-lelouch\\\/#primaryimage\"},\"image\":{\"@id\":\"https:\\\/\\\/www.aube-champagne.com\\\/fr\\\/laube-oui-mais-en-champagne-lelouch\\\/#primaryimage\"},\"thumbnailUrl\":\"https:\\\/\\\/www.aube-champagne.com\\\/assets\\\/uploads\\\/2016\\\/02\\\/lelouch.jpg\",\"datePublished\":\"2016-03-29T07:30:45+00:00\",\"dateModified\":\"2016-11-02T12:48:16+00:00\",\"description\":\"D\u00e9couvrez les Grands Lacs, oui mais en Champagne avec Rapha\u00ebl Mezrahi et Claude Lelouch\",\"breadcrumb\":{\"@id\":\"https:\\\/\\\/www.aube-champagne.com\\\/fr\\\/laube-oui-mais-en-champagne-lelouch\\\/#breadcrumb\"},\"inLanguage\":\"fr-FR\",\"potentialAction\":[{\"@type\":\"ReadAction\",\"target\":[\"https:\\\/\\\/www.aube-champagne.com\\\/fr\\\/laube-oui-mais-en-champagne-lelouch\\\/\"]}]},{\"@type\":\"ImageObject\",\"inLanguage\":\"fr-FR\",\"@id\":\"https:\\\/\\\/www.aube-champagne.com\\\/fr\\\/laube-oui-mais-en-champagne-lelouch\\\/#primaryimage\",\"url\":\"https:\\\/\\\/www.aube-champagne.com\\\/assets\\\/uploads\\\/2016\\\/02\\\/lelouch.jpg\",\"contentUrl\":\"https:\\\/\\\/www.aube-champagne.com\\\/assets\\\/uploads\\\/2016\\\/02\\\/lelouch.jpg\",\"width\":1279,\"height\":722},{\"@type\":\"BreadcrumbList\",\"@id\":\"https:\\\/\\\/www.aube-champagne.com\\\/fr\\\/laube-oui-mais-en-champagne-lelouch\\\/#breadcrumb\",\"itemListElement\":[{\"@type\":\"ListItem\",\"position\":1,\"name\":\"Accueil\",\"item\":\"https:\\\/\\\/www.aube-champagne.com\\\/fr\\\/\"},{\"@type\":\"ListItem\",\"position\":2,\"name\":\"L&rsquo;Aube, Oui mais en Champagne avec Rapha\u00ebl Mezrahi et Claude Lelouch\"}]},{\"@type\":\"WebSite\",\"@id\":\"https:\\\/\\\/www.aube-champagne.com\\\/fr\\\/#website\",\"url\":\"https:\\\/\\\/www.aube-champagne.com\\\/fr\\\/\",\"name\":\"Aube Champagne\",\"description\":\"Aube Champagne\",\"potentialAction\":[{\"@type\":\"SearchAction\",\"target\":{\"@type\":\"EntryPoint\",\"urlTemplate\":\"https:\\\/\\\/www.aube-champagne.com\\\/fr\\\/?s={search_term_string}\"},\"query-input\":{\"@type\":\"PropertyValueSpecification\",\"valueRequired\":true,\"valueName\":\"search_term_string\"}}],\"inLanguage\":\"fr-FR\"}]}<\/script>\n<!-- \/ Yoast SEO plugin. -->","yoast_head_json":{"title":"L'Aube, Oui mais en Champagne avec Rapha\u00ebl Mezrahi et Claude Lelouch - Aube Champagne","description":"D\u00e9couvrez les Grands Lacs, oui mais en Champagne avec Rapha\u00ebl Mezrahi et Claude Lelouch","robots":{"index":"index","follow":"follow","max-snippet":"max-snippet:-1","max-image-preview":"max-image-preview:large","max-video-preview":"max-video-preview:-1"},"canonical":"https:\/\/www.aube-champagne.com\/fr\/laube-oui-mais-en-champagne-lelouch\/","og_locale":"fr_FR","og_type":"article","og_title":"L'Aube, Oui mais en Champagne avec Rapha\u00ebl Mezrahi et Claude Lelouch - Aube Champagne","og_description":"D\u00e9couvrez les Grands Lacs, oui mais en Champagne avec Rapha\u00ebl Mezrahi et Claude Lelouch","og_url":"https:\/\/www.aube-champagne.com\/fr\/laube-oui-mais-en-champagne-lelouch\/","og_site_name":"Aube Champagne","article_publisher":"https:\/\/www.facebook.com\/aube.champagne","article_modified_time":"2016-11-02T12:48:16+00:00","og_image":[{"width":1279,"height":722,"url":"https:\/\/www.aube-champagne.com\/assets\/uploads\/2016\/02\/lelouch.jpg","type":"image\/jpeg"}],"twitter_card":"summary_large_image","twitter_site":"@AubeChampagne","twitter_misc":{"Dur\u00e9e de lecture estim\u00e9e":"13 minutes"},"schema":{"@context":"https:\/\/schema.org","@graph":[{"@type":"WebPage","@id":"https:\/\/www.aube-champagne.com\/fr\/laube-oui-mais-en-champagne-lelouch\/","url":"https:\/\/www.aube-champagne.com\/fr\/laube-oui-mais-en-champagne-lelouch\/","name":"L'Aube, Oui mais en Champagne avec Rapha\u00ebl Mezrahi et Claude Lelouch - Aube Champagne","isPartOf":{"@id":"https:\/\/www.aube-champagne.com\/fr\/#website"},"primaryImageOfPage":{"@id":"https:\/\/www.aube-champagne.com\/fr\/laube-oui-mais-en-champagne-lelouch\/#primaryimage"},"image":{"@id":"https:\/\/www.aube-champagne.com\/fr\/laube-oui-mais-en-champagne-lelouch\/#primaryimage"},"thumbnailUrl":"https:\/\/www.aube-champagne.com\/assets\/uploads\/2016\/02\/lelouch.jpg","datePublished":"2016-03-29T07:30:45+00:00","dateModified":"2016-11-02T12:48:16+00:00","description":"D\u00e9couvrez les Grands Lacs, oui mais en Champagne avec Rapha\u00ebl Mezrahi et Claude Lelouch","breadcrumb":{"@id":"https:\/\/www.aube-champagne.com\/fr\/laube-oui-mais-en-champagne-lelouch\/#breadcrumb"},"inLanguage":"fr-FR","potentialAction":[{"@type":"ReadAction","target":["https:\/\/www.aube-champagne.com\/fr\/laube-oui-mais-en-champagne-lelouch\/"]}]},{"@type":"ImageObject","inLanguage":"fr-FR","@id":"https:\/\/www.aube-champagne.com\/fr\/laube-oui-mais-en-champagne-lelouch\/#primaryimage","url":"https:\/\/www.aube-champagne.com\/assets\/uploads\/2016\/02\/lelouch.jpg","contentUrl":"https:\/\/www.aube-champagne.com\/assets\/uploads\/2016\/02\/lelouch.jpg","width":1279,"height":722},{"@type":"BreadcrumbList","@id":"https:\/\/www.aube-champagne.com\/fr\/laube-oui-mais-en-champagne-lelouch\/#breadcrumb","itemListElement":[{"@type":"ListItem","position":1,"name":"Accueil","item":"https:\/\/www.aube-champagne.com\/fr\/"},{"@type":"ListItem","position":2,"name":"L&rsquo;Aube, Oui mais en Champagne avec Rapha\u00ebl Mezrahi et Claude Lelouch"}]},{"@type":"WebSite","@id":"https:\/\/www.aube-champagne.com\/fr\/#website","url":"https:\/\/www.aube-champagne.com\/fr\/","name":"Aube Champagne","description":"Aube Champagne","potentialAction":[{"@type":"SearchAction","target":{"@type":"EntryPoint","urlTemplate":"https:\/\/www.aube-champagne.com\/fr\/?s={search_term_string}"},"query-input":{"@type":"PropertyValueSpecification","valueRequired":true,"valueName":"search_term_string"}}],"inLanguage":"fr-FR"}]}},"publishpress_future_action":{"enabled":false,"date":"2026-05-07 09:01:52","action":"change-status","newStatus":"draft","terms":[],"taxonomy":"translation_priority","extraData":[]},"publishpress_future_workflow_manual_trigger":{"enabledWorkflows":[]},"_links":{"self":[{"href":"https:\/\/www.aube-champagne.com\/fr\/wp-json\/wp\/v2\/pages\/13961","targetHints":{"allow":["GET"]}}],"collection":[{"href":"https:\/\/www.aube-champagne.com\/fr\/wp-json\/wp\/v2\/pages"}],"about":[{"href":"https:\/\/www.aube-champagne.com\/fr\/wp-json\/wp\/v2\/types\/page"}],"author":[{"embeddable":true,"href":"https:\/\/www.aube-champagne.com\/fr\/wp-json\/wp\/v2\/users\/2"}],"replies":[{"embeddable":true,"href":"https:\/\/www.aube-champagne.com\/fr\/wp-json\/wp\/v2\/comments?post=13961"}],"version-history":[{"count":0,"href":"https:\/\/www.aube-champagne.com\/fr\/wp-json\/wp\/v2\/pages\/13961\/revisions"}],"wp:featuredmedia":[{"embeddable":true,"href":"https:\/\/www.aube-champagne.com\/fr\/wp-json\/wp\/v2\/media\/13954"}],"wp:attachment":[{"href":"https:\/\/www.aube-champagne.com\/fr\/wp-json\/wp\/v2\/media?parent=13961"}],"curies":[{"name":"wp","href":"https:\/\/api.w.org\/{rel}","templated":true}]}}