{"id":42202,"date":"2021-03-04T15:17:41","date_gmt":"2021-03-04T14:17:41","guid":{"rendered":"https:\/\/www.aube-champagne.com\/?page_id=42202"},"modified":"2026-03-13T14:20:10","modified_gmt":"2026-03-13T13:20:10","slug":"je-temmene-dans-laube","status":"publish","type":"page","link":"https:\/\/www.aube-champagne.com\/fr\/je-temmene-dans-laube\/","title":{"rendered":"\u00ab\u00a0Je t&#8217;emm\u00e8ne dans l&rsquo;Aube\u00a0\u00bb, le podcast qui invite au voyage"},"content":{"rendered":"<div class=\"wpb-content-wrapper\">[vc_row][vc_column][vc_single_image image=\u00a0\u00bb87424&Prime; img_size=\u00a0\u00bb2048&#215;874&Prime; alignment=\u00a0\u00bbcenter\u00a0\u00bb][vc_column_text]\n<p style=\"text-align: center;\"><em>\u00ab\u00a0Je t&#8217;emm\u00e8ne dans l&rsquo;Aube\u00a0\u00bb, c&rsquo;est l&rsquo;\u00e9mission \u00e0 ne pas manquer pour vous permettre de d\u00e9couvrir l&rsquo;Aube autrement.<br \/>\n<\/em><em>Chaque mois, une \u00e9mission th\u00e9matique mettra en lumi\u00e8re des activit\u00e9s, des personnalit\u00e9s pour vous donner des envies d&rsquo;\u00e9vasion.\u00a0<\/em><em><br \/>\nCe podcast est r\u00e9alis\u00e9 en partenariat avec <a href=\"https:\/\/www.troyesauberadio.fr\/\">Troyes Aube Radio<\/a>.<\/em><\/p>\n[\/vc_column_text][vc_empty_space height=\u00a0\u00bb16px\u00a0\u00bb][vc_column_text]\n<h2 class=\"css-1k356th\"><strong>\u00c9mission de Mars 2026 : \u00ab\u00a0Les cours de cuisine, p\u00e2tisserie et chocolaterie\u00a0\u00bb\u00a0<\/strong><\/h2>\n[\/vc_column_text][vc_column_text]\n<div dir=\"auto\">\n<div dir=\"auto\">\n<div dir=\"auto\">\n<div dir=\"auto\">\n<div dir=\"auto\">\n<div dir=\"auto\">\n<p>Avec Anne-Lise, Tony ou Alexandre, la cuisine et la p\u00e2tisserie deviennent un vrai jeu d\u2019enfant (sans le chaos, promis) ! Que vous soyez l\u00e0 pour \u00e9pater belle-maman, concocter un go\u00fbter d\u2019anniversaire m\u00e9morable, ou enterrer une vie de jeune fille \u00e0 coups de macarons, nos ateliers sur-mesure et cours de cuisine dans l\u2019Aube s\u2019adaptent \u00e0 tous les go\u00fbts. <strong>(avec Anne-Lise Royer de la Villa de La Croix, Tony Pluot et Alexandre Gy\u00e9-Jacquot du Moulin de la Lauch\u00e8re).<\/strong><\/p>\n<\/div>\n<\/div>\n<\/div>\n<\/div>\n<\/div>\n<\/div>\n[\/vc_column_text][vc_raw_html]JTNDaWZyYW1lJTIwZGF0YS10ZXN0aWQlM0QlMjJlbWJlZC1pZnJhbWUlMjIlMjBzdHlsZSUzRCUyMmJvcmRlci1yYWRpdXMlM0ExMnB4JTIyJTIwc3JjJTNEJTIyaHR0cHMlM0ElMkYlMkZvcGVuLnNwb3RpZnkuY29tJTJGZW1iZWQlMkZlcGlzb2RlJTJGNnhRWHM2UTVGQklNYmVDejRObEpoRSUzRnV0bV9zb3VyY2UlM0RnZW5lcmF0b3IlMjIlMjB3aWR0aCUzRCUyMjEwMCUyNSUyMiUyMGhlaWdodCUzRCUyMjE1MiUyMiUyMGZyYW1lQm9yZGVyJTNEJTIyMCUyMiUyMGFsbG93ZnVsbHNjcmVlbiUzRCUyMiUyMiUyMGFsbG93JTNEJTIyYXV0b3BsYXklM0IlMjBjbGlwYm9hcmQtd3JpdGUlM0IlMjBlbmNyeXB0ZWQtbWVkaWElM0IlMjBmdWxsc2NyZWVuJTNCJTIwcGljdHVyZS1pbi1waWN0dXJlJTIyJTIwbG9hZGluZyUzRCUyMmxhenklMjIlM0UlM0MlMkZpZnJhbWUlM0U=[\/vc_raw_html][vc_column_text]\n<h2 class=\"css-1k356th\"><strong>\u00c9mission de f\u00e9vrier 2026 : \u00ab\u00a0L&rsquo;Oenotourisme\u00a0\u00bb\u00a0<\/strong><\/h2>\n[\/vc_column_text][vc_column_text]\n<div dir=\"auto\">\n<div dir=\"auto\">\n<div dir=\"auto\">\n<div dir=\"auto\">\n<div dir=\"auto\">\n<div dir=\"auto\">\n<p>Ce mois-ci nous mettons en avant \u00a0l\u2019<strong data-start=\"160\" data-end=\"187\">\u0153notourisme dans l\u2019Aube<\/strong>, valorisant les visites de caves, les vignerons et les exp\u00e9riences autour du vin comme portes d\u2019entr\u00e9e vers notre patrimoine viticole local. Elle fait intervenir des acteurs embl\u00e9matiques comme le Champagne de Barfontarc, avec visites et immersions gr\u00e2ce notamment \u00e0 leur espace naturel, avec une vue imprenable sur le vignoble de la C\u00f4te des Bar . Des exp\u00e9riences de d\u00e9gustations au Champagne<strong> Chassenay d&rsquo;Arce<\/strong>, et enfin du sport dans les vignes tout en d\u00e9gustant au <strong>Champagne Marcel V\u00e9zien<\/strong>.<\/p>\n<\/div>\n<\/div>\n<\/div>\n<\/div>\n<\/div>\n<\/div>\n[\/vc_column_text][vc_raw_html]JTNDaWZyYW1lJTIwZGF0YS10ZXN0aWQlM0QlMjJlbWJlZC1pZnJhbWUlMjIlMjBzdHlsZSUzRCUyMmJvcmRlci1yYWRpdXMlM0ExMnB4JTIyJTIwc3JjJTNEJTIyaHR0cHMlM0ElMkYlMkZvcGVuLnNwb3RpZnkuY29tJTJGZW1iZWQlMkZlcGlzb2RlJTJGMjFoeW91QUpKZEEyYXhpSjhnaXpSVCUzRnV0bV9zb3VyY2UlM0RnZW5lcmF0b3IlMjIlMjB3aWR0aCUzRCUyMjEwMCUyNSUyMiUyMGhlaWdodCUzRCUyMjE1MiUyMiUyMGZyYW1lQm9yZGVyJTNEJTIyMCUyMiUyMGFsbG93ZnVsbHNjcmVlbiUzRCUyMiUyMiUyMGFsbG93JTNEJTIyYXV0b3BsYXklM0IlMjBjbGlwYm9hcmQtd3JpdGUlM0IlMjBlbmNyeXB0ZWQtbWVkaWElM0IlMjBmdWxsc2NyZWVuJTNCJTIwcGljdHVyZS1pbi1waWN0dXJlJTIyJTIwbG9hZGluZyUzRCUyMmxhenklMjIlM0UlM0MlMkZpZnJhbWUlM0U=[\/vc_raw_html][vc_column_text]\n<h2 class=\"css-1k356th\"><strong>\u00c9mission de janvier 2026 : \u00ab\u00a0Les temps forts de l&rsquo;ann\u00e9e 2026\u00a0\u00bb\u00a0<\/strong><\/h2>\n[\/vc_column_text][vc_column_text]\n<div dir=\"auto\">\n<div dir=\"auto\">\n<div dir=\"auto\">\n<div dir=\"auto\">\n<div dir=\"auto\">\n<div dir=\"auto\">\n<p><span id=\"isPasted\">Que vous veniez pour un week-end, un projet de vie ou un moment de f\u00eate\u2026<\/span>Cette ann\u00e9e, vous aurez de nombreuses occasions de (re)d\u00e9couvrir notre territoire !\u00a0Dans l\u2019Aube en Champagne, on prend le temps. On vit bien. Ici, pas de foule, pas d\u2019artifice : du vrai, du bon, du simple\u2026 Du patrimoine, de la culture, des nouveaux h\u00e9bergements, de la bonne cuisine, de l&rsquo;\u0153notourisme et des \u00e9v\u00e8nements ! Tout pour r\u00e9ussir votre s\u00e9jour.<\/p>\n<\/div>\n<\/div>\n<\/div>\n<\/div>\n<\/div>\n<\/div>\n[\/vc_column_text][vc_raw_html]JTNDaWZyYW1lJTIwc3R5bGUlM0QlMjJib3JkZXItcmFkaXVzJTNBMTJweCUyMiUyMHNyYyUzRCUyMmh0dHBzJTNBJTJGJTJGb3Blbi5zcG90aWZ5LmNvbSUyRmVtYmVkJTJGZXBpc29kZSUyRjdxbk94b3RJYWNQNHdCVm14aFp0OFolM0Z1dG1fc291cmNlJTNEZ2VuZXJhdG9yJTIyJTIwd2lkdGglM0QlMjIxMDAlMjUlMjIlMjBoZWlnaHQlM0QlMjIxNTIlMjIlMjBmcmFtZUJvcmRlciUzRCUyMjAlMjIlMjBhbGxvd2Z1bGxzY3JlZW4lM0QlMjIlMjIlMjBhbGxvdyUzRCUyMmF1dG9wbGF5JTNCJTIwY2xpcGJvYXJkLXdyaXRlJTNCJTIwZW5jcnlwdGVkLW1lZGlhJTNCJTIwZnVsbHNjcmVlbiUzQiUyMHBpY3R1cmUtaW4tcGljdHVyZSUyMiUyMGxvYWRpbmclM0QlMjJsYXp5JTIyJTNFJTNDJTJGaWZyYW1lJTNF[\/vc_raw_html][vc_column_text]\n<h2 class=\"css-1k356th\"><strong>\u00c9missions de juillet 2025 : \u00ab\u00a0Je t&#8217;emm\u00e8ne dans l&rsquo;Aube pour l&rsquo;\u00e9t\u00e9 \u00a0\u00bb\u00a0<\/strong><\/h2>\n[\/vc_column_text][vc_column_text]\n<div dir=\"auto\">\n<div dir=\"auto\">\n<div dir=\"auto\">\n<div dir=\"auto\">\n<div dir=\"auto\">\n<div dir=\"auto\">\n<p>L\u2019\u00e9t\u00e9 est l\u00e0, les valises sont pr\u00eates, et l\u2019Aube a plus d\u2019un tr\u00e9sor dans sa poche pour vous \u00e9merveiller ! Visites insolites, f\u00eates locales, baignades, balades, il y en a pour tous les go\u00fbts. Alors ouvrez grand les oreilles, on part pour un petit tour estival du d\u00e9partement avec les offices de tourisme du coin. Pr\u00eat \u00e0 embarquer ? Allez, c\u2019est parti pour \u201cJe t\u2019emm\u00e8ne dans l\u2019Aube \u2013 \u00e9dition \u00e9t\u00e9 2025\u201d !<\/p>\n<\/div>\n<\/div>\n<\/div>\n<\/div>\n<\/div>\n<\/div>\n[\/vc_column_text][\/vc_column][\/vc_row][vc_row][vc_column width=\u00a0\u00bb1\/3&Prime;][vc_raw_html]JTNDaWZyYW1lJTIwc3R5bGUlM0QlMjJib3JkZXItcmFkaXVzJTNBMTJweCUyMiUyMHNyYyUzRCUyMmh0dHBzJTNBJTJGJTJGb3Blbi5zcG90aWZ5LmNvbSUyRmVtYmVkJTJGZXBpc29kZSUyRjRsQ2R2ODV2RWZzVGZMdmFockViUXQlM0Z1dG1fc291cmNlJTNEZ2VuZXJhdG9yJTI2dGhlbWUlM0QwJTIyJTIwd2lkdGglM0QlMjIxMDAlMjUlMjIlMjBoZWlnaHQlM0QlMjIxNTIlMjIlMjBmcmFtZUJvcmRlciUzRCUyMjAlMjIlMjBhbGxvd2Z1bGxzY3JlZW4lM0QlMjIlMjIlMjBhbGxvdyUzRCUyMmF1dG9wbGF5JTNCJTIwY2xpcGJvYXJkLXdyaXRlJTNCJTIwZW5jcnlwdGVkLW1lZGlhJTNCJTIwZnVsbHNjcmVlbiUzQiUyMHBpY3R1cmUtaW4tcGljdHVyZSUyMiUyMGxvYWRpbmclM0QlMjJsYXp5JTIyJTNFJTNDJTJGaWZyYW1lJTNF[\/vc_raw_html][\/vc_column][vc_column width=\u00a0\u00bb1\/3&Prime;][vc_raw_html]JTNDaWZyYW1lJTIwc3R5bGUlM0QlMjJib3JkZXItcmFkaXVzJTNBMTJweCUyMiUyMHNyYyUzRCUyMmh0dHBzJTNBJTJGJTJGb3Blbi5zcG90aWZ5LmNvbSUyRmVtYmVkJTJGZXBpc29kZSUyRjYxVk9zNnR3aW1pRzY2NThwZDZ6MTUlM0Z1dG1fc291cmNlJTNEZ2VuZXJhdG9yJTI2dGhlbWUlM0QwJTIyJTIwd2lkdGglM0QlMjIxMDAlMjUlMjIlMjBoZWlnaHQlM0QlMjIxNTIlMjIlMjBmcmFtZUJvcmRlciUzRCUyMjAlMjIlMjBhbGxvd2Z1bGxzY3JlZW4lM0QlMjIlMjIlMjBhbGxvdyUzRCUyMmF1dG9wbGF5JTNCJTIwY2xpcGJvYXJkLXdyaXRlJTNCJTIwZW5jcnlwdGVkLW1lZGlhJTNCJTIwZnVsbHNjcmVlbiUzQiUyMHBpY3R1cmUtaW4tcGljdHVyZSUyMiUyMGxvYWRpbmclM0QlMjJsYXp5JTIyJTNFJTNDJTJGaWZyYW1lJTNF[\/vc_raw_html][\/vc_column][vc_column width=\u00a0\u00bb1\/3&Prime;][vc_raw_html]JTNDaWZyYW1lJTIwc3R5bGUlM0QlMjJib3JkZXItcmFkaXVzJTNBMTJweCUyMiUyMHNyYyUzRCUyMmh0dHBzJTNBJTJGJTJGb3Blbi5zcG90aWZ5LmNvbSUyRmVtYmVkJTJGZXBpc29kZSUyRjRyQ1A4TkMwRzlQaTluc2dKeVhmVFElM0Z1dG1fc291cmNlJTNEZ2VuZXJhdG9yJTI2dGhlbWUlM0QwJTIyJTIwd2lkdGglM0QlMjIxMDAlMjUlMjIlMjBoZWlnaHQlM0QlMjIxNTIlMjIlMjBmcmFtZUJvcmRlciUzRCUyMjAlMjIlMjBhbGxvd2Z1bGxzY3JlZW4lM0QlMjIlMjIlMjBhbGxvdyUzRCUyMmF1dG9wbGF5JTNCJTIwY2xpcGJvYXJkLXdyaXRlJTNCJTIwZW5jcnlwdGVkLW1lZGlhJTNCJTIwZnVsbHNjcmVlbiUzQiUyMHBpY3R1cmUtaW4tcGljdHVyZSUyMiUyMGxvYWRpbmclM0QlMjJsYXp5JTIyJTNFJTNDJTJGaWZyYW1lJTNF[\/vc_raw_html][\/vc_column][\/vc_row][vc_row][vc_column width=\u00a0\u00bb1\/2&Prime;][vc_raw_html]JTNDaWZyYW1lJTIwZGF0YS10ZXN0aWQlM0QlMjJlbWJlZC1pZnJhbWUlMjIlMjBzdHlsZSUzRCUyMmJvcmRlci1yYWRpdXMlM0ExMnB4JTIyJTIwc3JjJTNEJTIyaHR0cHMlM0ElMkYlMkZvcGVuLnNwb3RpZnkuY29tJTJGZW1iZWQlMkZlcGlzb2RlJTJGMFJGaFpsNXh2aVU3VW5lNFdWcmlRcCUzRnV0bV9zb3VyY2UlM0RnZW5lcmF0b3IlMjZ0aGVtZSUzRDAlMjIlMjB3aWR0aCUzRCUyMjEwMCUyNSUyMiUyMGhlaWdodCUzRCUyMjE1MiUyMiUyMGZyYW1lQm9yZGVyJTNEJTIyMCUyMiUyMGFsbG93ZnVsbHNjcmVlbiUzRCUyMiUyMiUyMGFsbG93JTNEJTIyYXV0b3BsYXklM0IlMjBjbGlwYm9hcmQtd3JpdGUlM0IlMjBlbmNyeXB0ZWQtbWVkaWElM0IlMjBmdWxsc2NyZWVuJTNCJTIwcGljdHVyZS1pbi1waWN0dXJlJTIyJTIwbG9hZGluZyUzRCUyMmxhenklMjIlM0UlM0MlMkZpZnJhbWUlM0U=[\/vc_raw_html][\/vc_column][vc_column width=\u00a0\u00bb1\/2&Prime;][vc_raw_html]JTNDaWZyYW1lJTIwZGF0YS10ZXN0aWQlM0QlMjJlbWJlZC1pZnJhbWUlMjIlMjBzdHlsZSUzRCUyMmJvcmRlci1yYWRpdXMlM0ExMnB4JTIyJTIwc3JjJTNEJTIyaHR0cHMlM0ElMkYlMkZvcGVuLnNwb3RpZnkuY29tJTJGZW1iZWQlMkZlcGlzb2RlJTJGMXdTdWpmS3BITDVqVjBGUXgyR0VMaCUzRnV0bV9zb3VyY2UlM0RnZW5lcmF0b3IlMjZ0aGVtZSUzRDAlMjIlMjB3aWR0aCUzRCUyMjEwMCUyNSUyMiUyMGhlaWdodCUzRCUyMjE1MiUyMiUyMGZyYW1lQm9yZGVyJTNEJTIyMCUyMiUyMGFsbG93ZnVsbHNjcmVlbiUzRCUyMiUyMiUyMGFsbG93JTNEJTIyYXV0b3BsYXklM0IlMjBjbGlwYm9hcmQtd3JpdGUlM0IlMjBlbmNyeXB0ZWQtbWVkaWElM0IlMjBmdWxsc2NyZWVuJTNCJTIwcGljdHVyZS1pbi1waWN0dXJlJTIyJTIwbG9hZGluZyUzRCUyMmxhenklMjIlM0UlM0MlMkZpZnJhbWUlM0U=[\/vc_raw_html][\/vc_column][\/vc_row][vc_row][vc_column][vc_column_text]\n<h2 class=\"css-1k356th\"><strong>\u00c9mission de juin 2025 : \u00ab\u00a0Echapp\u00e9es estivales dans l&rsquo;Aube\u00a0\u00bb\u00a0<\/strong><\/h2>\n[\/vc_column_text][vc_column_text]\n<div dir=\"auto\">\n<div dir=\"auto\">\n<div dir=\"auto\">\n<div dir=\"auto\">\n<div dir=\"auto\">\n<div dir=\"auto\">\n<p>Le mois de juin s\u2019installe doucement, les journ\u00e9es s\u2019allongent, et l\u2019envie d\u2019escapades devient irr\u00e9sistible. Dans cette atmosph\u00e8re propice aux d\u00e9couvertes, on vous propose aujourd\u2019hui de prendre le temps, de fl\u00e2ner dans des lieux qui racontent des histoires, d\u2019ouvrir une porte sur l\u2019inattendu. Qu\u2019il s\u2019agisse d\u2019un village ou d\u2019une petite ville au charme discret labelis\u00e9 <a href=\"https:\/\/petitescitesdecaractere.com\/\"><em>Petite Cit\u00e9 de Caract\u00e8re<\/em><\/a><sup><em>\u00ae<\/em><\/sup>, du <a href=\"https:\/\/www.chateau-la-motte-tilly.fr\/\">Ch\u00e2teau de la Motte Tilly<\/a> o\u00f9 les saveurs se m\u00ealent \u00e0 la culture, ou du domaine viticole <a href=\"https:\/\/champagne-vezien.com\/\">Marcel V\u00e9zien<\/a> qui invite au jeu\u2026 L\u2019Aube, une fois encore, se r\u00e9v\u00e8le surprenante. Alors, pr\u00eats pour une parenth\u00e8se inspirante ? C\u2019est parti !<\/p>\n<\/div>\n<\/div>\n<\/div>\n<\/div>\n<\/div>\n<\/div>\n[\/vc_column_text][vc_raw_html]JTNDaWZyYW1lJTIwc3R5bGUlM0QlMjJib3JkZXItcmFkaXVzJTNBMTJweCUyMiUyMHNyYyUzRCUyMmh0dHBzJTNBJTJGJTJGb3Blbi5zcG90aWZ5LmNvbSUyRmVtYmVkJTJGZXBpc29kZSUyRjZkWGRxRGJzSWgxRndMS0luUTFwb2glM0Z1dG1fc291cmNlJTNEZ2VuZXJhdG9yJTIyJTIwd2lkdGglM0QlMjIxMDAlMjUlMjIlMjBoZWlnaHQlM0QlMjIxNTIlMjIlMjBmcmFtZUJvcmRlciUzRCUyMjAlMjIlMjBhbGxvd2Z1bGxzY3JlZW4lM0QlMjIlMjIlMjBhbGxvdyUzRCUyMmF1dG9wbGF5JTNCJTIwY2xpcGJvYXJkLXdyaXRlJTNCJTIwZW5jcnlwdGVkLW1lZGlhJTNCJTIwZnVsbHNjcmVlbiUzQiUyMHBpY3R1cmUtaW4tcGljdHVyZSUyMiUyMGxvYWRpbmclM0QlMjJsYXp5JTIyJTNFJTNDJTJGaWZyYW1lJTNF[\/vc_raw_html][vc_separator][vc_column_text]\n<h2 class=\"css-1k356th\"><strong>\u00c9mission de mai 2025 : \u00ab\u00a0Ca bouge dans l&rsquo;Aube en mai !\u00a0\u00bb\u00a0<\/strong><\/h2>\n[\/vc_column_text][vc_column_text]\n<div dir=\"auto\">\n<div dir=\"auto\">\n<div dir=\"auto\">\n<div dir=\"auto\">\n<div dir=\"auto\">\n<div dir=\"auto\">\n<p>Le mois de mai, c\u2019est celui o\u00f9 la nature explose, o\u00f9 les id\u00e9es d\u2019\u00e9vasion se multiplient et o\u00f9 les agendas se remplissent de sorties en famille ou entre amis. Et cette ann\u00e9e encore, dans l\u2019Aube, il y a de quoi s\u2019\u00e9merveiller et se divertir autrement. Aujourd&rsquo;hui dans Je t\u2019emm\u00e8ne dans l\u2019Aube, on vous propose de chausser vos baskets, de lever la t\u00eate pour admirer les chevaux du <a href=\"https:\/\/www.theatreequestredechampagne.fr\/\">Th\u00e9\u00e2tre \u00c9questre de Champagne<\/a> \u00e0 Radonvilliers ou d\u2019admirer notre riche patrimoine lors du <a href=\"https:\/\/www.aube-champagne.com\/fr\/?p=72857\">Printemps du Patrimoine<\/a>. Vous pourrez aussi lever \u00a0votre coupe de champagne pour c\u00e9l\u00e9brer notre territoire lors de la nouvelle \u00e9dition de <a href=\"https:\/\/champagne-party.fr\/\">Champagne Party<\/a> ! Allez, embarquons sans plus attendre \u00e0 destination d\u2019un mois de mai qui risque de bien vous occuper.<\/p>\n<\/div>\n<\/div>\n<\/div>\n<\/div>\n<\/div>\n<\/div>\n[\/vc_column_text][vc_raw_html]JTNDaWZyYW1lJTIwc3R5bGUlM0QlMjJib3JkZXItcmFkaXVzJTNBMTJweCUyMiUyMHNyYyUzRCUyMmh0dHBzJTNBJTJGJTJGb3Blbi5zcG90aWZ5LmNvbSUyRmVtYmVkJTJGZXBpc29kZSUyRjEzZ0RiVElpTkRqWDRmNVZCb0x1RXQlM0Z1dG1fc291cmNlJTNEZ2VuZXJhdG9yJTIyJTIwd2lkdGglM0QlMjIxMDAlMjUlMjIlMjBoZWlnaHQlM0QlMjIxNTIlMjIlMjBmcmFtZUJvcmRlciUzRCUyMjAlMjIlMjBhbGxvd2Z1bGxzY3JlZW4lM0QlMjIlMjIlMjBhbGxvdyUzRCUyMmF1dG9wbGF5JTNCJTIwY2xpcGJvYXJkLXdyaXRlJTNCJTIwZW5jcnlwdGVkLW1lZGlhJTNCJTIwZnVsbHNjcmVlbiUzQiUyMHBpY3R1cmUtaW4tcGljdHVyZSUyMiUyMGxvYWRpbmclM0QlMjJsYXp5JTIyJTNFJTNDJTJGaWZyYW1lJTNF[\/vc_raw_html][vc_separator][vc_column_text]\n<h2 class=\"css-1k356th\"><strong>\u00c9mission d&rsquo;avril 2025 : \u00ab\u00a0Immersion chez nos artisans-producteurs\u00a0\u00bb\u00a0<\/strong><\/h2>\n[\/vc_column_text][vc_column_text]\n<div dir=\"auto\">\n<div dir=\"auto\">\n<div dir=\"auto\">\n<div dir=\"auto\">\n<div dir=\"auto\">\n<div dir=\"auto\">\n<p>Quoi de plus gratifiant que de cr\u00e9er soi-m\u00eame un objet, un aliment, un mat\u00e9riau ? Que ce soit fa\u00e7onner une pi\u00e8ce en c\u00e9ramique avec la <a href=\"https:\/\/www.latuilerieroyer.fr\/\">Tuilerie Royer<\/a>, tresser un panier en osier avec la <a href=\"https:\/\/www.facebook.com\/lavanneriedothe\/\">Vannerie d&rsquo;Othe<\/a> ou fabriquer son propre fromage mozzarella avec <a href=\"https:\/\/maliceetfromageblanc.fr\/\">Malice et Fromage Blanc<\/a>, il y a dans ces gestes ancestraux quelque chose de profond\u00e9ment ancr\u00e9 en nous.<\/p>\n<p>Et dans l\u2019Aube, <strong>les artisans et producteurs locaux<\/strong> ne manquent pas d\u2019id\u00e9es pour nous initier \u00e0 leur univers ! Alors, que vous soyez curieux, passionn\u00e9s ou simplement en qu\u00eate d\u2019une exp\u00e9rience authentique, cette \u00e9mission est faite pour vous. Installez-vous confortablement, pr\u00e9parez-vous \u00e0 en apprendre un peu plus sur ces m\u00e9tiers de passion, et surtout\u2026 <strong>pr\u00eats \u00e0 mettre la main \u00e0 la p\u00e2te ?<\/strong><\/p>\n<\/div>\n<\/div>\n<\/div>\n<\/div>\n<\/div>\n<\/div>\n[\/vc_column_text][vc_raw_html]JTNDaWZyYW1lJTIwc3R5bGUlM0QlMjJib3JkZXItcmFkaXVzJTNBMTJweCUyMiUyMHNyYyUzRCUyMmh0dHBzJTNBJTJGJTJGb3Blbi5zcG90aWZ5LmNvbSUyRmVtYmVkJTJGZXBpc29kZSUyRjNYM2pJd3IzUWFUOHRoWnRjRGhuQmQlM0Z1dG1fc291cmNlJTNEZ2VuZXJhdG9yJTIyJTIwd2lkdGglM0QlMjIxMDAlMjUlMjIlMjBoZWlnaHQlM0QlMjIxNTIlMjIlMjBmcmFtZUJvcmRlciUzRCUyMjAlMjIlMjBhbGxvd2Z1bGxzY3JlZW4lM0QlMjIlMjIlMjBhbGxvdyUzRCUyMmF1dG9wbGF5JTNCJTIwY2xpcGJvYXJkLXdyaXRlJTNCJTIwZW5jcnlwdGVkLW1lZGlhJTNCJTIwZnVsbHNjcmVlbiUzQiUyMHBpY3R1cmUtaW4tcGljdHVyZSUyMiUyMGxvYWRpbmclM0QlMjJsYXp5JTIyJTNFJTNDJTJGaWZyYW1lJTNF[\/vc_raw_html][vc_separator][vc_column_text]\n<h2 class=\"css-1k356th\"><strong>\u00c9mission de mars 2025 : \u00ab\u00a0Champagne &amp; \u00e9vasion\u00a0\u00bb\u00a0<\/strong><\/h2>\n[\/vc_column_text][vc_column_text]\n<div dir=\"auto\">\n<div dir=\"auto\">\n<div dir=\"auto\">\n<div dir=\"auto\">\n<div dir=\"auto\">\n<div dir=\"auto\">\n<p>2025 sera une ann\u00e9e p\u00e9tillante pour notre territoire ! L\u2019Aube c\u00e9l\u00e8bre la Champagne \u00e0 travers une multitude d\u2019\u00e9v\u00e9nements marquants, et c\u2019est l\u2019occasion id\u00e9ale pour (re)d\u00e9couvrir ce patrimoine exceptionnel. Avec le retour des beaux jours, on a envie d\u2019\u00e9vasion, de d\u00e9couvertes et de nouvelles exp\u00e9riences. Et \u00e7a tombe bien, car ce mois-ci, on vous emm\u00e8ne explorer la Champagne sous un angle in\u00e9dit !<br \/>\nExposition sur les 10 ans de l\u2019inscription des <a href=\"https:\/\/champagne-patrimoinemondial.org\/\">Coteaux, Maisons et Caves de Champagne \u00e0 l\u2019UNESCO<\/a>, d\u00eener sensoriel dans l\u2019obscurit\u00e9 avec le <a href=\"https:\/\/www.facebook.com\/ChampagneOudardF\/?locale=fr_FR\">champagne Oudard<\/a> et road trip en van \u00e0 travers le vignoble aubois avec <a href=\"https:\/\/www.van-it.fr\/troyes\">Van-it Troyes<\/a>.<\/p>\n<\/div>\n<\/div>\n<\/div>\n<\/div>\n<\/div>\n<\/div>\n[\/vc_column_text][vc_raw_html]JTNDaWZyYW1lJTIwc3R5bGUlM0QlMjJib3JkZXItcmFkaXVzJTNBMTJweCUyMiUyMHNyYyUzRCUyMmh0dHBzJTNBJTJGJTJGb3Blbi5zcG90aWZ5LmNvbSUyRmVtYmVkJTJGZXBpc29kZSUyRjJIUzFiQW9QclBHbFFlSEl3Vjljd3AlM0Z1dG1fc291cmNlJTNEZ2VuZXJhdG9yJTIyJTIwd2lkdGglM0QlMjIxMDAlMjUlMjIlMjBoZWlnaHQlM0QlMjIxNTIlMjIlMjBmcmFtZUJvcmRlciUzRCUyMjAlMjIlMjBhbGxvd2Z1bGxzY3JlZW4lM0QlMjIlMjIlMjBhbGxvdyUzRCUyMmF1dG9wbGF5JTNCJTIwY2xpcGJvYXJkLXdyaXRlJTNCJTIwZW5jcnlwdGVkLW1lZGlhJTNCJTIwZnVsbHNjcmVlbiUzQiUyMHBpY3R1cmUtaW4tcGljdHVyZSUyMiUyMGxvYWRpbmclM0QlMjJsYXp5JTIyJTNFJTNDJTJGaWZyYW1lJTNF[\/vc_raw_html][vc_separator][vc_column_text]\n<h2 class=\"css-1k356th\"><strong>\u00c9mission de f\u00e9vrier 2025 : \u00ab\u00a0Visiter les lieux culturels autrement\u00a0\u00bb\u00a0<\/strong><\/h2>\n[\/vc_column_text][vc_column_text]\n<div dir=\"auto\">\n<div dir=\"auto\">\n<div dir=\"auto\">\n<div dir=\"auto\">\n<div dir=\"auto\">\n<div dir=\"auto\">\n<p>Nous avons tous en t\u00eate l\u2019image classique d\u2019une visite culturelle : un guide, un groupe, des explications bien rod\u00e9es\u2026 Mais aujourd\u2019hui, on vous propose de casser les codes ! Ce mois-ci, on part \u00e0 la d\u00e9couverte de lieux embl\u00e9matiques de l\u2019Aube d\u2019une mani\u00e8re totalement in\u00e9dite. Plong\u00e9e dans un pass\u00e9 carc\u00e9ral m\u00e9connu avec l&rsquo;<a href=\"https:\/\/www.abbayedeclairvaux.com\/\">Abbaye de Clairvaux<\/a>, m\u00e9ditation devant des \u0153uvres iconiques avec <a href=\"https:\/\/mindful-art.eu\/\">Mindful Art<\/a> et d\u00e9gustations culturelles au <a href=\"https:\/\/www.museecamilleclaudel.fr\/\">mus\u00e9e Camille Claudel<\/a>\u2026 Vous allez voir, visiter un lieu culturel peut \u00eatre une exp\u00e9rience bien plus immersive qu\u2019on ne le pense !<\/p>\n<p class=\"css-1k356th\">\n<\/div>\n<\/div>\n<\/div>\n<\/div>\n<\/div>\n<\/div>\n[\/vc_column_text][vc_raw_html]JTNDaWZyYW1lJTIwc3R5bGUlM0QlMjJib3JkZXItcmFkaXVzJTNBMTJweCUyMiUyMHNyYyUzRCUyMmh0dHBzJTNBJTJGJTJGb3Blbi5zcG90aWZ5LmNvbSUyRmVtYmVkJTJGZXBpc29kZSUyRjBGbGxlQWRrSE53MEpkcEtqcHVIUWglM0Z1dG1fc291cmNlJTNEZ2VuZXJhdG9yJTIyJTIwd2lkdGglM0QlMjIxMDAlMjUlMjIlMjBoZWlnaHQlM0QlMjIxNTIlMjIlMjBmcmFtZUJvcmRlciUzRCUyMjAlMjIlMjBhbGxvd2Z1bGxzY3JlZW4lM0QlMjIlMjIlMjBhbGxvdyUzRCUyMmF1dG9wbGF5JTNCJTIwY2xpcGJvYXJkLXdyaXRlJTNCJTIwZW5jcnlwdGVkLW1lZGlhJTNCJTIwZnVsbHNjcmVlbiUzQiUyMHBpY3R1cmUtaW4tcGljdHVyZSUyMiUyMGxvYWRpbmclM0QlMjJsYXp5JTIyJTNFJTNDJTJGaWZyYW1lJTNF[\/vc_raw_html][vc_separator][vc_column_text]\n<h2 class=\"css-1k356th\"><strong>\u00c9mission de d\u00e9cembre 2024 : \u00ab\u00a0La f\u00e9\u00e9rie de No\u00ebl dans l\u2019Aube\u00a0\u00bb\u00a0<\/strong><\/h2>\n[\/vc_column_text][vc_column_text]\n<div dir=\"auto\">\n<div dir=\"auto\">\n<div dir=\"auto\">\n<div dir=\"auto\">\n<div dir=\"auto\">\n<div dir=\"auto\">\n<p>D\u00e9cembre, c\u2019est le mois id\u00e9al pour bouquiner au coin du feu, regarder les films de No\u00ebl, pr\u00e9parer des plats gourmands et r\u00e9confortants, se promener dans les ruelles illumin\u00e9es et surtout \u2026 d\u00e9guster de bons croustillons\u00a0! L\u2019Aube est l\u00e0 pour continuer \u00e0 vous r\u00e9galer (dans tous les sens du terme) pour ce dernier mois de l\u2019ann\u00e9e. Alors, pr\u00eat \u00e0 d\u00e9couvrir une activit\u00e9 pour les amoureux du chocolat, une id\u00e9e cadeau 100% Aube et la f\u00e9\u00e9rie de No\u00ebl \u00e0 Troyes\u00a0?<\/p>\n<p class=\"css-1k356th\"><strong>avec <a href=\"https:\/\/www.moulindelalauchere.fr\/\">Le Moulin de la Lauch\u00e8re<\/a>, l&rsquo;<a href=\"https:\/\/www.facebook.com\/profile.php?id=61566519820047\">Almanach de l&rsquo;Aube<\/a> et <a href=\"https:\/\/www.troyeslachampagne.com\/\">Troyes la Champagne Tourisme\u00a0<\/a><\/strong><\/p>\n<\/div>\n<\/div>\n<\/div>\n<\/div>\n<\/div>\n<\/div>\n[\/vc_column_text][vc_raw_html]JTNDaWZyYW1lJTIwc3R5bGUlM0QlMjJib3JkZXItcmFkaXVzJTNBMTJweCUyMiUyMHNyYyUzRCUyMmh0dHBzJTNBJTJGJTJGb3Blbi5zcG90aWZ5LmNvbSUyRmVtYmVkJTJGZXBpc29kZSUyRjN1Mjh5Z3BwbnNlQU9OU0ROUEN1OUIlM0Z1dG1fc291cmNlJTNEZ2VuZXJhdG9yJTIyJTIwd2lkdGglM0QlMjIxMDAlMjUlMjIlMjBoZWlnaHQlM0QlMjIxNTIlMjIlMjBmcmFtZUJvcmRlciUzRCUyMjAlMjIlMjBhbGxvd2Z1bGxzY3JlZW4lM0QlMjIlMjIlMjBhbGxvdyUzRCUyMmF1dG9wbGF5JTNCJTIwY2xpcGJvYXJkLXdyaXRlJTNCJTIwZW5jcnlwdGVkLW1lZGlhJTNCJTIwZnVsbHNjcmVlbiUzQiUyMHBpY3R1cmUtaW4tcGljdHVyZSUyMiUyMGxvYWRpbmclM0QlMjJsYXp5JTIyJTNFJTNDJTJGaWZyYW1lJTNF[\/vc_raw_html][vc_separator][vc_column_text]\n<h2 class=\"css-1k356th\"><strong>\u00c9mission de novembre 2024 : on continue sur \u00ab\u00a0les \u00e9chapp\u00e9es automnales dans l&rsquo;Aube\u00a0\u00bb\u00a0<\/strong><\/h2>\n[\/vc_column_text][vc_column_text]\n<div dir=\"auto\">\n<div dir=\"auto\">\n<div dir=\"auto\">\n<div dir=\"auto\">\n<div dir=\"auto\">\n<div dir=\"auto\">\n<p>Certes, les jours continuent de raccourcir, le froid se fait sentir, et le changement d\u2019heure est pass\u00e9\u2026 Mais il n\u2019est pas question de se laisser envahir par la m\u00e9lancolie ! Retrouvez Anne-Lise et sa maison d&rsquo;h\u00f4te la Villa de la Croix, observez les oiseaux dans le Parc naturel r\u00e9gional de la For\u00eat d&rsquo;Orient ou vivez une vie de Ch\u00e2teau \u00e0 la Motte Tilly.<\/p>\n<p class=\"css-1k356th\"><strong>avec\u00a0<a class=\"x1i10hfl xjbqb8w x1ejq31n xd10rxx x1sy0etr x17r0tee x972fbf xcfux6l x1qhh985 xm0m39n x9f619 x1ypdohk xt0psk2 xe8uvvx xdj266r x11i5rnm xat24cr x1mh8g0r xexx8yu x4uap5 x18d9i69 xkhd6sd x16tdsg8 x1hl2dhg xggy1nq x1a2a7pz notranslate _a6hd\" tabindex=\"0\" role=\"link\" href=\"https:\/\/www.instagram.com\/villadelacroix\/\">@villadelacroix<\/a>,\u00a0<a class=\"x1i10hfl xjbqb8w x1ejq31n xd10rxx x1sy0etr x17r0tee x972fbf xcfux6l x1qhh985 xm0m39n x9f619 x1ypdohk xt0psk2 xe8uvvx xdj266r x11i5rnm xat24cr x1mh8g0r xexx8yu x4uap5 x18d9i69 xkhd6sd x16tdsg8 x1hl2dhg xggy1nq x1a2a7pz notranslate _a6hd\" tabindex=\"0\" role=\"link\" href=\"https:\/\/www.instagram.com\/parcnaturelregionalforetorient\/\">@parcnaturelregionalforetorient<\/a>\u00a0&amp;\u00a0<a class=\"x1i10hfl xjbqb8w x1ejq31n xd10rxx x1sy0etr x17r0tee x972fbf xcfux6l x1qhh985 xm0m39n x9f619 x1ypdohk xt0psk2 xe8uvvx xdj266r x11i5rnm xat24cr x1mh8g0r xexx8yu x4uap5 x18d9i69 xkhd6sd x16tdsg8 x1hl2dhg xggy1nq x1a2a7pz notranslate _a6hd\" tabindex=\"0\" role=\"link\" href=\"https:\/\/www.instagram.com\/chateau.lamottetilly\/\">@chateau.lamottetilly<\/a><\/strong><\/p>\n<\/div>\n<\/div>\n<\/div>\n<\/div>\n<\/div>\n<\/div>\n[\/vc_column_text][vc_raw_html]JTNDaWZyYW1lJTIwc3R5bGUlM0QlMjJib3JkZXItcmFkaXVzJTNBMTJweCUyMiUyMHNyYyUzRCUyMmh0dHBzJTNBJTJGJTJGb3Blbi5zcG90aWZ5LmNvbSUyRmVtYmVkJTJGZXBpc29kZSUyRjZXOVgxVWdyd1JmOFc3UUhCTERhaDIlM0Z1dG1fc291cmNlJTNEZ2VuZXJhdG9yJTIyJTIwd2lkdGglM0QlMjIxMDAlMjUlMjIlMjBoZWlnaHQlM0QlMjIxNTIlMjIlMjBmcmFtZUJvcmRlciUzRCUyMjAlMjIlMjBhbGxvd2Z1bGxzY3JlZW4lM0QlMjIlMjIlMjBhbGxvdyUzRCUyMmF1dG9wbGF5JTNCJTIwY2xpcGJvYXJkLXdyaXRlJTNCJTIwZW5jcnlwdGVkLW1lZGlhJTNCJTIwZnVsbHNjcmVlbiUzQiUyMHBpY3R1cmUtaW4tcGljdHVyZSUyMiUyMGxvYWRpbmclM0QlMjJsYXp5JTIyJTNFJTNDJTJGaWZyYW1lJTNF[\/vc_raw_html][vc_separator][vc_column_text]\n<h2 class=\"css-1k356th\"><strong>\u00c9mission d&rsquo;Octobre 2024 : \u00ab\u00a0Les sorties de l&rsquo;automne dans l\u2019Aube\u00a0\u00bb<\/strong><\/h2>\n[\/vc_column_text][vc_column_text]\n<div dir=\"auto\">\n<div dir=\"auto\">\n<div dir=\"auto\">\n<div dir=\"auto\">\n<div dir=\"auto\">\n<div dir=\"auto\">\n<p>On ne pensait pas y arriver si vite et pourtant, on y est ! L\u2019automne est bel et bien l\u00e0 avec l\u2019arriv\u00e9e du froid, mais aussi ET SURTOUT, des chocolats chauds et des raclettes ! Alors bien \u00e9videmment, on a moins envie de mettre le nez dehors mais, heureusement pour nous, plusieurs \u00e9v\u00e8nements nous donnent rendez-vous en octobre afin d\u2019\u00e9gayer nos journ\u00e9es. Que ce soit pour aller d\u00e9nicher la truffe d&rsquo;automne avec l&rsquo;Empreinte des F\u00e9es, festoyer \u00e0 la f\u00eate de l&rsquo;automne au ch\u00e2teau de Ricey-Bas ou c\u00e9l\u00e9brer notre boisson bien-aim\u00e9e au Champagne Day by Oenosph\u00e8res on ne va pas s&rsquo;ennuyer !<\/p>\n<p>Un grand merci \u00e0 l<a href=\"https:\/\/www.lempreintedesfees.com\/\">&lsquo;Empreinte des F\u00e9es<\/a>, le <a href=\"https:\/\/chateaudericeybas.com\/\">Ch\u00e2teau de Ricey-Bas<\/a> et <a href=\"https:\/\/oenospheres.com\/\">Oenoesph\u00e8res<\/a> pour leur participation !<\/p>\n<\/div>\n<\/div>\n<\/div>\n<\/div>\n<\/div>\n<\/div>\n[\/vc_column_text][vc_raw_html]JTNDaWZyYW1lJTIwc3R5bGUlM0QlMjJib3JkZXItcmFkaXVzJTNBMTJweCUyMiUyMHNyYyUzRCUyMmh0dHBzJTNBJTJGJTJGb3Blbi5zcG90aWZ5LmNvbSUyRmVtYmVkJTJGZXBpc29kZSUyRjJxeXZVNG1QM1RnU3NSUTVZVWJPTFclM0Z1dG1fc291cmNlJTNEZ2VuZXJhdG9yJTIyJTIwd2lkdGglM0QlMjIxMDAlMjUlMjIlMjBoZWlnaHQlM0QlMjIxNTIlMjIlMjBmcmFtZUJvcmRlciUzRCUyMjAlMjIlMjBhbGxvd2Z1bGxzY3JlZW4lM0QlMjIlMjIlMjBhbGxvdyUzRCUyMmF1dG9wbGF5JTNCJTIwY2xpcGJvYXJkLXdyaXRlJTNCJTIwZW5jcnlwdGVkLW1lZGlhJTNCJTIwZnVsbHNjcmVlbiUzQiUyMHBpY3R1cmUtaW4tcGljdHVyZSUyMiUyMGxvYWRpbmclM0QlMjJsYXp5JTIyJTNFJTNDJTJGaWZyYW1lJTNF[\/vc_raw_html][vc_separator][vc_column_text]\n<h2 class=\"css-1k356th\"><strong>\u00c9mission de Septembre 2024 : \u00ab\u00a0Les \u00e9v\u00e8nements de la rentr\u00e9e dans l\u2019Aube\u00a0\u00bb<\/strong><\/h2>\n[\/vc_column_text][vc_column_text]\n<div dir=\"auto\">\n<div dir=\"auto\">\n<div dir=\"auto\">\n<div dir=\"auto\">\n<p>Certains d\u2019entre vous ont peut-\u00eatre pu profiter d\u2019une bouff\u00e9e d\u2019air frais et de d\u00e9paysement durant l&rsquo;\u00e9t\u00e9. C\u2019est l\u2019heure de ranger les tongs et de profiter des \u00e9v\u00e8nements dans l\u2019Aube ! La rentr\u00e9e, c\u2019est le moment IDEAL pour continuer \u00e0 explorer notre beau territoire, et promis, vous ne vous ennuierez pas ! Alors, pr\u00eats \u00e0 attaquer septembre avec du patrimoine, de la musique, et du cidre ?<\/p>\n<p>Un grand merci au <a href=\"https:\/\/www.justclassikfestival.fr\/\">Just Classik Festival <\/a>et <a href=\"https:\/\/cidreduminil.jimdofree.com\/\">Christophe Duminil<\/a>\/la F\u00eate du Cidre pour leur participation !<\/p>\n<\/div>\n<\/div>\n<\/div>\n<\/div>\n[\/vc_column_text][vc_raw_html]JTNDaWZyYW1lJTIwc3R5bGUlM0QlMjJib3JkZXItcmFkaXVzJTNBMTJweCUyMiUyMHNyYyUzRCUyMmh0dHBzJTNBJTJGJTJGb3Blbi5zcG90aWZ5LmNvbSUyRmVtYmVkJTJGZXBpc29kZSUyRjZQVWNpa1E1bXFTazVBSnJ4SHM4cEYlM0Z1dG1fc291cmNlJTNEZ2VuZXJhdG9yJTIyJTIwd2lkdGglM0QlMjIxMDAlMjUlMjIlMjBoZWlnaHQlM0QlMjIxNTIlMjIlMjBmcmFtZUJvcmRlciUzRCUyMjAlMjIlMjBhbGxvd2Z1bGxzY3JlZW4lM0QlMjIlMjIlMjBhbGxvdyUzRCUyMmF1dG9wbGF5JTNCJTIwY2xpcGJvYXJkLXdyaXRlJTNCJTIwZW5jcnlwdGVkLW1lZGlhJTNCJTIwZnVsbHNjcmVlbiUzQiUyMHBpY3R1cmUtaW4tcGljdHVyZSUyMiUyMGxvYWRpbmclM0QlMjJsYXp5JTIyJTNFJTNDJTJGaWZyYW1lJTNF[\/vc_raw_html][vc_separator][vc_column_text]\n<h2 class=\"css-1k356th\"><strong>\u00c9missions \u00e9t\u00e9 2024\u00a0<\/strong><\/h2>\n[\/vc_column_text][vc_column_text]\n<div dir=\"auto\">\n<div dir=\"auto\">\n<p>Pour cet \u00e9t\u00e9, nous vous emmenons en immersion chez ceux qui font vivre notre territoire !<br \/>\nVous serez alors immerg\u00e9s dans l&rsquo;ambiance sonore de lieux riches et vari\u00e9s :<\/p>\n<p>&gt; <a href=\"https:\/\/www.chateau-la-motte-tilly.fr\/\">Ch\u00e2teau de la Motte Tilly<\/a> dans le Nogentais et la Vall\u00e9e de la Seine<br \/>\n&gt; <a href=\"https:\/\/mademoiselle-chevre.com\/\">Ferme des Damoiselles<\/a> dans le Pays d&rsquo;Othe et d&rsquo;Armance<br \/>\n&gt; <a href=\"https:\/\/www.chateau-de-geraudot.fr\/\">Ch\u00e2teau de G\u00e9raudot<\/a> dans le Parc Naturel R\u00e9gional de la For\u00eat d&rsquo;Orient<br \/>\n&gt; Sortie nature et sportive avec <a href=\"https:\/\/www.slooly.fr\/\">Slooly<\/a> et <a href=\"https:\/\/www.maximilien-guide.fr\/\">Maximilien Maire<\/a> dans les Grands Lacs de Champagne<\/p>\n<p>De quoi vous donner des id\u00e9es d&rsquo;\u00e9vasion et de sorties pr\u00e8s de chez vous pour cet \u00e9t\u00e9 !<\/p>\n<\/div>\n<\/div>\n[\/vc_column_text][vc_raw_html]JTNDaWZyYW1lJTIwc3R5bGUlM0QlMjJib3JkZXItcmFkaXVzJTNBMTJweCUyMiUyMHNyYyUzRCUyMmh0dHBzJTNBJTJGJTJGb3Blbi5zcG90aWZ5LmNvbSUyRmVtYmVkJTJGZXBpc29kZSUyRjU5YzhEeVRiVW94S21YRnZZbk92SE4lM0Z1dG1fc291cmNlJTNEZ2VuZXJhdG9yJTIyJTIwd2lkdGglM0QlMjIxMDAlMjUlMjIlMjBoZWlnaHQlM0QlMjIxNTIlMjIlMjBmcmFtZUJvcmRlciUzRCUyMjAlMjIlMjBhbGxvd2Z1bGxzY3JlZW4lM0QlMjIlMjIlMjBhbGxvdyUzRCUyMmF1dG9wbGF5JTNCJTIwY2xpcGJvYXJkLXdyaXRlJTNCJTIwZW5jcnlwdGVkLW1lZGlhJTNCJTIwZnVsbHNjcmVlbiUzQiUyMHBpY3R1cmUtaW4tcGljdHVyZSUyMiUyMGxvYWRpbmclM0QlMjJsYXp5JTIyJTNFJTNDJTJGaWZyYW1lJTNF[\/vc_raw_html][vc_raw_html]JTNDaWZyYW1lJTIwc3R5bGUlM0QlMjJib3JkZXItcmFkaXVzJTNBMTJweCUyMiUyMHNyYyUzRCUyMmh0dHBzJTNBJTJGJTJGb3Blbi5zcG90aWZ5LmNvbSUyRmVtYmVkJTJGZXBpc29kZSUyRjFmY2VrN3ZId21jZFFGWUR1Z0I2UDIlM0Z1dG1fc291cmNlJTNEZ2VuZXJhdG9yJTIyJTIwd2lkdGglM0QlMjIxMDAlMjUlMjIlMjBoZWlnaHQlM0QlMjIxNTIlMjIlMjBmcmFtZUJvcmRlciUzRCUyMjAlMjIlMjBhbGxvd2Z1bGxzY3JlZW4lM0QlMjIlMjIlMjBhbGxvdyUzRCUyMmF1dG9wbGF5JTNCJTIwY2xpcGJvYXJkLXdyaXRlJTNCJTIwZW5jcnlwdGVkLW1lZGlhJTNCJTIwZnVsbHNjcmVlbiUzQiUyMHBpY3R1cmUtaW4tcGljdHVyZSUyMiUyMGxvYWRpbmclM0QlMjJsYXp5JTIyJTNFJTNDJTJGaWZyYW1lJTNF[\/vc_raw_html][vc_raw_html]JTNDaWZyYW1lJTIwc3R5bGUlM0QlMjJib3JkZXItcmFkaXVzJTNBMTJweCUyMiUyMHNyYyUzRCUyMmh0dHBzJTNBJTJGJTJGb3Blbi5zcG90aWZ5LmNvbSUyRmVtYmVkJTJGZXBpc29kZSUyRjI3UkVWdHJlMWxaTzFUZmpvTHpwVDMlM0Z1dG1fc291cmNlJTNEZ2VuZXJhdG9yJTIyJTIwd2lkdGglM0QlMjIxMDAlMjUlMjIlMjBoZWlnaHQlM0QlMjIxNTIlMjIlMjBmcmFtZUJvcmRlciUzRCUyMjAlMjIlMjBhbGxvd2Z1bGxzY3JlZW4lM0QlMjIlMjIlMjBhbGxvdyUzRCUyMmF1dG9wbGF5JTNCJTIwY2xpcGJvYXJkLXdyaXRlJTNCJTIwZW5jcnlwdGVkLW1lZGlhJTNCJTIwZnVsbHNjcmVlbiUzQiUyMHBpY3R1cmUtaW4tcGljdHVyZSUyMiUyMGxvYWRpbmclM0QlMjJsYXp5JTIyJTNFJTNDJTJGaWZyYW1lJTNF[\/vc_raw_html][vc_raw_html]JTNDaWZyYW1lJTIwc3R5bGUlM0QlMjJib3JkZXItcmFkaXVzJTNBMTJweCUyMiUyMHNyYyUzRCUyMmh0dHBzJTNBJTJGJTJGb3Blbi5zcG90aWZ5LmNvbSUyRmVtYmVkJTJGZXBpc29kZSUyRjJvNWY3Y3hDdTBlYTRWRU5EN2E2UmwlM0Z1dG1fc291cmNlJTNEZ2VuZXJhdG9yJTIyJTIwd2lkdGglM0QlMjIxMDAlMjUlMjIlMjBoZWlnaHQlM0QlMjIxNTIlMjIlMjBmcmFtZUJvcmRlciUzRCUyMjAlMjIlMjBhbGxvd2Z1bGxzY3JlZW4lM0QlMjIlMjIlMjBhbGxvdyUzRCUyMmF1dG9wbGF5JTNCJTIwY2xpcGJvYXJkLXdyaXRlJTNCJTIwZW5jcnlwdGVkLW1lZGlhJTNCJTIwZnVsbHNjcmVlbiUzQiUyMHBpY3R1cmUtaW4tcGljdHVyZSUyMiUyMGxvYWRpbmclM0QlMjJsYXp5JTIyJTNFJTNDJTJGaWZyYW1lJTNF[\/vc_raw_html][vc_separator][vc_column_text]\n<h2 class=\"css-1k356th\"><strong>\u00c9mission de Juin 2024 : \u00ab\u00a0Le v\u00e9lo dans l\u2019Aube\u00a0\u00bb<\/strong><\/h2>\n[\/vc_column_text][vc_column_text]\n<div dir=\"auto\">\n<div dir=\"auto\">\n<p>Nous sommes tous dans l&rsquo;attente de ce satan\u00e9 soleil. Juin est le mois de l&rsquo;\u00e9t\u00e9, de la f\u00eate de la musique mais aussi du Tour de France. Cette ann\u00e9e il passe dans l&rsquo;Aube pour une boucle in\u00e9dite : d\u00e9part et arriv\u00e9e \u00e0 Troyes puis passage dans les chemins blancs de la c\u00f4te des Bar (et notre belle campagne pr\u00e8s des lacs. C&rsquo;est alors le mois id\u00e9al pour\u00a0 parler de la pratique du v\u00e9lo dans l&rsquo;Aube. Allez en selles !<\/p>\n<p>Un grand merci \u00e0 <a href=\"https:\/\/www.aube-champagne.com\/fr\/raid-bulles-aube-parcours-gravel\/\">Guy Gallopin<\/a> et Clara Ferrand du blog <a href=\"https:\/\/wildroad.fr\/\">Wild Road<\/a> pour leur participation !<\/p>\n<\/div>\n<\/div>\n[\/vc_column_text][vc_raw_html]JTNDaWZyYW1lJTIwc3R5bGUlM0QlMjJib3JkZXItcmFkaXVzJTNBMTJweCUyMiUyMHNyYyUzRCUyMmh0dHBzJTNBJTJGJTJGb3Blbi5zcG90aWZ5LmNvbSUyRmVtYmVkJTJGZXBpc29kZSUyRjA2ZjQzV0dOV3lRZEhWZnBXYzFlUkMlM0Z1dG1fc291cmNlJTNEZ2VuZXJhdG9yJTIyJTIwd2lkdGglM0QlMjIxMDAlMjUlMjIlMjBoZWlnaHQlM0QlMjIxNTIlMjIlMjBmcmFtZUJvcmRlciUzRCUyMjAlMjIlMjBhbGxvd2Z1bGxzY3JlZW4lM0QlMjIlMjIlMjBhbGxvdyUzRCUyMmF1dG9wbGF5JTNCJTIwY2xpcGJvYXJkLXdyaXRlJTNCJTIwZW5jcnlwdGVkLW1lZGlhJTNCJTIwZnVsbHNjcmVlbiUzQiUyMHBpY3R1cmUtaW4tcGljdHVyZSUyMiUyMGxvYWRpbmclM0QlMjJsYXp5JTIyJTNFJTNDJTJGaWZyYW1lJTNF[\/vc_raw_html][vc_separator][vc_column_text]\n<h2 class=\"css-1k356th\"><strong>\u00c9mission de Mai 2024 : \u00ab\u00a0Les temps forts culturels dans l\u2019Aube\u00a0\u00bb<\/strong><\/h2>\n[\/vc_column_text][vc_column_text]\n<div dir=\"auto\">\n<div dir=\"auto\">\n<p>A l\u2019approche de la saison estivale, divers sites culturels nous pr\u00e9parent une belle programmation pour les mois \u00e0 venir. Du monde des verres teint\u00e9s ou peints pr\u00eats \u00e0 nous \u00e9blouir, \u00e0 notre tr\u00e8s c\u00e9l\u00e8bre peintre dont le courant artistique f\u00eate ses 150 ans cette ann\u00e9e au parcours immersif nous replongeant dans la seconde guerre mondiale, toutes les sensibilit\u00e9s artistiques ou historiques devraient \u00eatre combl\u00e9es !<\/p>\n<p>Un grand merci \u00e0 la <a href=\"https:\/\/cite-vitrail.fr\/\">Cit\u00e9 du Vitrail<\/a>, la <a href=\"https:\/\/3-4mai.fr\/\">mairie de Mailly-le-Camp<\/a> et l&rsquo;<a href=\"https:\/\/renoir-essoyes.fr\/le-village-des-renoir\/association-renoir\/\">Association Renoir<\/a> pour leur participation !<\/p>\n<\/div>\n<\/div>\n[\/vc_column_text][vc_raw_html]JTNDaWZyYW1lJTIwc3R5bGUlM0QlMjJib3JkZXItcmFkaXVzJTNBMTJweCUyMiUyMHNyYyUzRCUyMmh0dHBzJTNBJTJGJTJGb3Blbi5zcG90aWZ5LmNvbSUyRmVtYmVkJTJGZXBpc29kZSUyRjYwcU9vazBTUVZJTzduVTBGTXI4dUslM0Z1dG1fc291cmNlJTNEZ2VuZXJhdG9yJTIyJTIwd2lkdGglM0QlMjIxMDAlMjUlMjIlMjBoZWlnaHQlM0QlMjIxNTIlMjIlMjBmcmFtZUJvcmRlciUzRCUyMjAlMjIlMjBhbGxvd2Z1bGxzY3JlZW4lM0QlMjIlMjIlMjBhbGxvdyUzRCUyMmF1dG9wbGF5JTNCJTIwY2xpcGJvYXJkLXdyaXRlJTNCJTIwZW5jcnlwdGVkLW1lZGlhJTNCJTIwZnVsbHNjcmVlbiUzQiUyMHBpY3R1cmUtaW4tcGljdHVyZSUyMiUyMGxvYWRpbmclM0QlMjJsYXp5JTIyJTNFJTNDJTJGaWZyYW1lJTNF[\/vc_raw_html][vc_separator][vc_column_text]\n<h2 class=\"css-1k356th\"><strong>\u00c9mission de Mars 2024 : \u00ab\u00a0Les sorties printani\u00e8res de l\u2019Aube\u00a0\u00bb<\/strong><\/h2>\n[\/vc_column_text][vc_column_text]\n<div dir=\"auto\">\n<div dir=\"auto\">\n<p>Voici donc les longs jours, lumi\u00e8re, amour, d\u00e9lire !<br \/>\nVoici le printemps ! mars, avril au doux sourire,<br \/>\nMai fleuri, juin br\u00fblant, tous les beaux mois amis !<br \/>\nVictor Hugo avait les bons mots pour annoncer le printemps et les belles journ\u00e9es \u00e0 venir, propices aux nouvelles d\u00e9couvertes ! Alors dans l\u2019Aube aussi, la nature se r\u00e9veille doucement et nous donne envie de sortir pour respirer l\u2019air frais printanier, lunette de soleil sur le nez !<\/p>\n<p>Un grand merci \u00e0 <a href=\"https:\/\/natureetcomplicites.blogspot.com\/\">Nature et Complicit\u00e9s<\/a>, <a href=\"https:\/\/www.nigloland.fr\/\">Nigloland<\/a> et le <a href=\"https:\/\/www.pnr-foret-orient.fr\/\">Parc Naturel R\u00e9gional de la For\u00eat d&rsquo;Orient<\/a> pour leur participation !<\/p>\n<\/div>\n<\/div>\n[\/vc_column_text][vc_raw_html]JTNDaWZyYW1lJTIwc3R5bGUlM0QlMjJib3JkZXItcmFkaXVzJTNBMTJweCUyMiUyMHNyYyUzRCUyMmh0dHBzJTNBJTJGJTJGb3Blbi5zcG90aWZ5LmNvbSUyRmVtYmVkJTJGZXBpc29kZSUyRjZCTUgxQ0JXdnZCUEtQVlIyZEIzQm0lM0Z1dG1fc291cmNlJTNEZ2VuZXJhdG9yJTIyJTIwd2lkdGglM0QlMjIxMDAlMjUlMjIlMjBoZWlnaHQlM0QlMjIxNTIlMjIlMjBmcmFtZUJvcmRlciUzRCUyMjAlMjIlMjBhbGxvd2Z1bGxzY3JlZW4lM0QlMjIlMjIlMjBhbGxvdyUzRCUyMmF1dG9wbGF5JTNCJTIwY2xpcGJvYXJkLXdyaXRlJTNCJTIwZW5jcnlwdGVkLW1lZGlhJTNCJTIwZnVsbHNjcmVlbiUzQiUyMHBpY3R1cmUtaW4tcGljdHVyZSUyMiUyMGxvYWRpbmclM0QlMjJsYXp5JTIyJTNFJTNDJTJGaWZyYW1lJTNF[\/vc_raw_html][vc_separator][vc_column_text]\n<h2 class=\"css-1k356th\"><strong>\u00c9mission de F\u00e9vrier 2024 : \u00ab\u00a0Les petits mus\u00e9es insolites et intimistes\u00a0\u00bb<\/strong><\/h2>\n[\/vc_column_text][vc_column_text]\n<div dir=\"auto\">\n<div dir=\"auto\">\n<p>Les rayons de soleil pointent le bout de leur nez, les feuilles commencent \u00e0 r\u00e9apparaitre avec les bourgeons des fleurs, les temp\u00e9ratures remontent petit \u00e0 petit \u2026 Bonjour mois de Mars\u00a0!<\/p>\n<p>Fini les pauses lecture au coin du feu, ce beau temps nous donne alors envie de sortir de chez nous et de d\u00e9couvrir des nouveaux lieux. L\u2019Aube, est un beau terrain de jeu pour c\u00e9l\u00e0\u00a0et rec\u00e8le de moulte petits mus\u00e9es aussi intimistes qu\u2019insolites.<\/p>\n<p>Un grand merci au <a href=\"https:\/\/www.champagne-benoit-tassin.com\/musee-bouteille-ancienne.php\">Champagne Benoit Tassin<\/a>,\u00a0 aux <a href=\"https:\/\/www.aube-champagne.com\/fr\/poi\/les-amis-de-gutenberg-imprimerie-musee\/\">Amis de Gutenberg &#8211; Imprimerie mus\u00e9e<\/a> et \u00e0 l&rsquo;<a href=\"https:\/\/www.aube-champagne.com\/fr\/poi\/ecomusee-de-la-foret-d-orient\/\">\u00e9comus\u00e9e de la For\u00eat d&rsquo;Orient<\/a> pour leur participation !<\/p>\n<\/div>\n<\/div>\n[\/vc_column_text][vc_raw_html]JTNDaWZyYW1lJTIwc3R5bGUlM0QlMjJib3JkZXItcmFkaXVzJTNBMTJweCUyMiUyMHNyYyUzRCUyMmh0dHBzJTNBJTJGJTJGb3Blbi5zcG90aWZ5LmNvbSUyRmVtYmVkJTJGZXBpc29kZSUyRjZwR3ZpbHJvMXAyNDQ4WkdqZnJmdnAlM0Z1dG1fc291cmNlJTNEZ2VuZXJhdG9yJTIyJTIwd2lkdGglM0QlMjIxMDAlMjUlMjIlMjBoZWlnaHQlM0QlMjIxNTIlMjIlMjBmcmFtZUJvcmRlciUzRCUyMjAlMjIlMjBhbGxvd2Z1bGxzY3JlZW4lM0QlMjIlMjIlMjBhbGxvdyUzRCUyMmF1dG9wbGF5JTNCJTIwY2xpcGJvYXJkLXdyaXRlJTNCJTIwZW5jcnlwdGVkLW1lZGlhJTNCJTIwZnVsbHNjcmVlbiUzQiUyMHBpY3R1cmUtaW4tcGljdHVyZSUyMiUyMGxvYWRpbmclM0QlMjJsYXp5JTIyJTNFJTNDJTJGaWZyYW1lJTNF[\/vc_raw_html][vc_separator][vc_column_text]\n<h2 class=\"css-1k356th\"><strong>\u00c9mission de Janvier 2024 : \u00ab\u00a0Poussons les portes de l&rsquo;agriculture auboise\u00a0\u00bb<\/strong><\/h2>\n[\/vc_column_text][vc_column_text]\n<div dir=\"auto\">\n<div dir=\"auto\">\n<p>On a tous \u00e9t\u00e9 berc\u00e9 par le chant du coq ou le beuglement d\u2019une vache un dimanche matin en pleine campagne. Nos paysages, qui nous \u00e9merveillent au quotidien, sont aussi ceux qui nous permettent de produire diverses cultures ou \u00e9levages et ainsi r\u00e9galer nos papilles. Nous sommes bien dans l\u2019Aube, territoire agricole par nature.<\/p>\n<p>Outres nos incontournables (ou autrement dit nos \u00ab\u00a0vaches \u00e0 lait\u00a0\u00bb) que sont le Champagne, le Cidre, le Chaource ou encore l\u2019andouillette, nous avons pl\u00e9thore de cultures et productions qui nous laissent fiers de nos terres et de ceux qui la travaillent. Et bien \u00e9videmment, il y a plusieurs moyens pour les savourer ou les d\u00e9couvrir\u00a0!<\/p>\n<p>Un grand merci \u00e0 <a href=\"https:\/\/www.terres-et-vignes.org\/\">Terres &amp; Vignes<\/a>, l&rsquo;<a href=\"https:\/\/www.escargotiere-des-lacs.fr\/\">Escargoti\u00e8re des Lacs<\/a> et la <a href=\"https:\/\/www.brasseriethibord.fr\/\">Brasserie Thibord<\/a> pour leur participation !<\/p>\n<\/div>\n<\/div>\n[\/vc_column_text][vc_raw_html]JTNDaWZyYW1lJTIwc3R5bGUlM0QlMjJib3JkZXItcmFkaXVzJTNBMTJweCUyMiUyMHNyYyUzRCUyMmh0dHBzJTNBJTJGJTJGb3Blbi5zcG90aWZ5LmNvbSUyRmVtYmVkJTJGZXBpc29kZSUyRjdyVVFYSmljcUFoanRwbkpGY0c1Y0IlM0Z1dG1fc291cmNlJTNEZ2VuZXJhdG9yJTIyJTIwd2lkdGglM0QlMjIxMDAlMjUlMjIlMjBoZWlnaHQlM0QlMjIxNTIlMjIlMjBmcmFtZUJvcmRlciUzRCUyMjAlMjIlMjBhbGxvd2Z1bGxzY3JlZW4lM0QlMjIlMjIlMjBhbGxvdyUzRCUyMmF1dG9wbGF5JTNCJTIwY2xpcGJvYXJkLXdyaXRlJTNCJTIwZW5jcnlwdGVkLW1lZGlhJTNCJTIwZnVsbHNjcmVlbiUzQiUyMHBpY3R1cmUtaW4tcGljdHVyZSUyMiUyMGxvYWRpbmclM0QlMjJsYXp5JTIyJTNFJTNDJTJGaWZyYW1lJTNF[\/vc_raw_html][\/vc_column][\/vc_row][vc_row][vc_column][vc_separator color=\u00a0\u00bborange\u00a0\u00bb el_width=\u00a0\u00bb30&Prime;][vc_empty_space height=\u00a0\u00bb16px\u00a0\u00bb][vc_column_text]\n<h3 style=\"text-align: center;\">Cela peut vous int\u00e9resser :<\/h3>\n[\/vc_column_text][vc_basic_grid post_type=\u00a0\u00bbpost\u00a0\u00bb max_items=\u00a0\u00bb10&Prime; style=\u00a0\u00bbpagination\u00a0\u00bb items_per_page=\u00a0\u00bb3&Prime; gap=\u00a0\u00bb25&Prime; paging_design=\u00a0\u00bbpagination_rounded\u00a0\u00bb paging_color=\u00a0\u00bbblack\u00a0\u00bb item=\u00a0\u00bb43199&Prime; grid_id=\u00a0\u00bbvc_gid:1773406509199-ef2e2413-372b-8&Prime; taxonomies=\u00a0\u00bb1429&Prime;][\/vc_column][\/vc_row]\n<\/div>","protected":false},"excerpt":{"rendered":"<p>[vc_row][vc_column][vc_single_image image=\u00a0\u00bb87424&Prime; img_size=\u00a0\u00bb2048&#215;874&Prime; alignment=\u00a0\u00bbcenter\u00a0\u00bb][vc_column_text] \u00ab\u00a0Je t&#8217;emm\u00e8ne dans l&rsquo;Aube\u00a0\u00bb, c&rsquo;est l&rsquo;\u00e9mission \u00e0 ne pas manquer pour vous permettre de d\u00e9couvrir l&rsquo;Aube autrement. Chaque mois, une \u00e9mission th\u00e9matique mettra en lumi\u00e8re des activit\u00e9s, des personnalit\u00e9s pour vous donner des envies d&rsquo;\u00e9vasion.\u00a0 Ce podcast est r\u00e9alis\u00e9 en partenariat&hellip;  <a href=\"https:\/\/www.aube-champagne.com\/fr\/je-temmene-dans-laube\/\" title=\"Read \u00ab\u00a0Je t&#8217;emm\u00e8ne dans l&rsquo;Aube\u00a0\u00bb, le podcast qui invite au voyage\">En savoir plus&raquo;<\/a><\/p>\n","protected":false},"author":9192193,"featured_media":87421,"parent":0,"menu_order":0,"comment_status":"closed","ping_status":"closed","template":"","meta":{"footnotes":""},"class_list":["post-42202","page","type-page","status-publish","has-post-thumbnail","hentry"],"yoast_head":"<!-- This site is optimized with the Yoast SEO plugin v27.5 - https:\/\/yoast.com\/product\/yoast-seo-wordpress\/ -->\n<title>&quot;Je t&#039;emm\u00e8ne dans l&#039;Aube&quot;, le podcast qui invite au voyage - Aube Champagne<\/title>\n<meta name=\"description\" content=\"&quot;Je t&#039;emm\u00e8ne dans l&#039;Aube&quot;, c&#039;est l&#039;\u00e9mission \u00e0 ne pas manquer pour vous permettre de d\u00e9couvrir l&#039;Aube autrement. Chaque mois, une \u00e9mission th\u00e9matique\" \/>\n<meta name=\"robots\" content=\"index, follow, max-snippet:-1, max-image-preview:large, max-video-preview:-1\" \/>\n<link rel=\"canonical\" href=\"https:\/\/www.aube-champagne.com\/fr\/je-temmene-dans-laube\/\" \/>\n<meta property=\"og:locale\" content=\"fr_FR\" \/>\n<meta property=\"og:type\" content=\"article\" \/>\n<meta property=\"og:title\" content=\"&quot;Je t&#039;emm\u00e8ne dans l&#039;Aube&quot;, le podcast qui invite au voyage - Aube Champagne\" \/>\n<meta property=\"og:description\" content=\"&quot;Je t&#039;emm\u00e8ne dans l&#039;Aube&quot;, c&#039;est l&#039;\u00e9mission \u00e0 ne pas manquer pour vous permettre de d\u00e9couvrir l&#039;Aube autrement. Chaque mois, une \u00e9mission th\u00e9matique\" \/>\n<meta property=\"og:url\" content=\"https:\/\/www.aube-champagne.com\/fr\/je-temmene-dans-laube\/\" \/>\n<meta property=\"og:site_name\" content=\"Aube Champagne\" \/>\n<meta property=\"article:publisher\" content=\"https:\/\/www.facebook.com\/aube.champagne\" \/>\n<meta property=\"article:modified_time\" content=\"2026-03-13T13:20:10+00:00\" \/>\n<meta property=\"og:image\" content=\"https:\/\/www.aube-champagne.com\/assets\/uploads\/2025\/06\/Vignette-Je-temmene-dans-lAube.jpg\" \/>\n\t<meta property=\"og:image:width\" content=\"1080\" \/>\n\t<meta property=\"og:image:height\" content=\"1080\" \/>\n\t<meta property=\"og:image:type\" content=\"image\/jpeg\" \/>\n<meta name=\"twitter:card\" content=\"summary_large_image\" \/>\n<meta name=\"twitter:site\" content=\"@AubeChampagne\" \/>\n<meta name=\"twitter:label1\" content=\"Dur\u00e9e de lecture estim\u00e9e\" \/>\n\t<meta name=\"twitter:data1\" content=\"11 minutes\" \/>\n<script type=\"application\/ld+json\" class=\"yoast-schema-graph\">{\"@context\":\"https:\\\/\\\/schema.org\",\"@graph\":[{\"@type\":\"WebPage\",\"@id\":\"https:\\\/\\\/www.aube-champagne.com\\\/fr\\\/je-temmene-dans-laube\\\/\",\"url\":\"https:\\\/\\\/www.aube-champagne.com\\\/fr\\\/je-temmene-dans-laube\\\/\",\"name\":\"\\\"Je t'emm\u00e8ne dans l'Aube\\\", le podcast qui invite au voyage - Aube Champagne\",\"isPartOf\":{\"@id\":\"https:\\\/\\\/www.aube-champagne.com\\\/fr\\\/#website\"},\"primaryImageOfPage\":{\"@id\":\"https:\\\/\\\/www.aube-champagne.com\\\/fr\\\/je-temmene-dans-laube\\\/#primaryimage\"},\"image\":{\"@id\":\"https:\\\/\\\/www.aube-champagne.com\\\/fr\\\/je-temmene-dans-laube\\\/#primaryimage\"},\"thumbnailUrl\":\"https:\\\/\\\/www.aube-champagne.com\\\/assets\\\/uploads\\\/2025\\\/06\\\/Vignette-Je-temmene-dans-lAube.jpg\",\"datePublished\":\"2021-03-04T14:17:41+00:00\",\"dateModified\":\"2026-03-13T13:20:10+00:00\",\"description\":\"\\\"Je t'emm\u00e8ne dans l'Aube\\\", c'est l'\u00e9mission \u00e0 ne pas manquer pour vous permettre de d\u00e9couvrir l'Aube autrement. Chaque mois, une \u00e9mission th\u00e9matique\",\"breadcrumb\":{\"@id\":\"https:\\\/\\\/www.aube-champagne.com\\\/fr\\\/je-temmene-dans-laube\\\/#breadcrumb\"},\"inLanguage\":\"fr-FR\",\"potentialAction\":[{\"@type\":\"ReadAction\",\"target\":[\"https:\\\/\\\/www.aube-champagne.com\\\/fr\\\/je-temmene-dans-laube\\\/\"]}]},{\"@type\":\"ImageObject\",\"inLanguage\":\"fr-FR\",\"@id\":\"https:\\\/\\\/www.aube-champagne.com\\\/fr\\\/je-temmene-dans-laube\\\/#primaryimage\",\"url\":\"https:\\\/\\\/www.aube-champagne.com\\\/assets\\\/uploads\\\/2025\\\/06\\\/Vignette-Je-temmene-dans-lAube.jpg\",\"contentUrl\":\"https:\\\/\\\/www.aube-champagne.com\\\/assets\\\/uploads\\\/2025\\\/06\\\/Vignette-Je-temmene-dans-lAube.jpg\",\"width\":1080,\"height\":1080},{\"@type\":\"BreadcrumbList\",\"@id\":\"https:\\\/\\\/www.aube-champagne.com\\\/fr\\\/je-temmene-dans-laube\\\/#breadcrumb\",\"itemListElement\":[{\"@type\":\"ListItem\",\"position\":1,\"name\":\"Accueil\",\"item\":\"https:\\\/\\\/www.aube-champagne.com\\\/fr\\\/\"},{\"@type\":\"ListItem\",\"position\":2,\"name\":\"\u00ab\u00a0Je t&#8217;emm\u00e8ne dans l&rsquo;Aube\u00a0\u00bb, le podcast qui invite au voyage\"}]},{\"@type\":\"WebSite\",\"@id\":\"https:\\\/\\\/www.aube-champagne.com\\\/fr\\\/#website\",\"url\":\"https:\\\/\\\/www.aube-champagne.com\\\/fr\\\/\",\"name\":\"Aube Champagne\",\"description\":\"Aube Champagne\",\"potentialAction\":[{\"@type\":\"SearchAction\",\"target\":{\"@type\":\"EntryPoint\",\"urlTemplate\":\"https:\\\/\\\/www.aube-champagne.com\\\/fr\\\/?s={search_term_string}\"},\"query-input\":{\"@type\":\"PropertyValueSpecification\",\"valueRequired\":true,\"valueName\":\"search_term_string\"}}],\"inLanguage\":\"fr-FR\"}]}<\/script>\n<!-- \/ Yoast SEO plugin. -->","yoast_head_json":{"title":"\"Je t'emm\u00e8ne dans l'Aube\", le podcast qui invite au voyage - Aube Champagne","description":"\"Je t'emm\u00e8ne dans l'Aube\", c'est l'\u00e9mission \u00e0 ne pas manquer pour vous permettre de d\u00e9couvrir l'Aube autrement. Chaque mois, une \u00e9mission th\u00e9matique","robots":{"index":"index","follow":"follow","max-snippet":"max-snippet:-1","max-image-preview":"max-image-preview:large","max-video-preview":"max-video-preview:-1"},"canonical":"https:\/\/www.aube-champagne.com\/fr\/je-temmene-dans-laube\/","og_locale":"fr_FR","og_type":"article","og_title":"\"Je t'emm\u00e8ne dans l'Aube\", le podcast qui invite au voyage - Aube Champagne","og_description":"\"Je t'emm\u00e8ne dans l'Aube\", c'est l'\u00e9mission \u00e0 ne pas manquer pour vous permettre de d\u00e9couvrir l'Aube autrement. Chaque mois, une \u00e9mission th\u00e9matique","og_url":"https:\/\/www.aube-champagne.com\/fr\/je-temmene-dans-laube\/","og_site_name":"Aube Champagne","article_publisher":"https:\/\/www.facebook.com\/aube.champagne","article_modified_time":"2026-03-13T13:20:10+00:00","og_image":[{"width":1080,"height":1080,"url":"https:\/\/www.aube-champagne.com\/assets\/uploads\/2025\/06\/Vignette-Je-temmene-dans-lAube.jpg","type":"image\/jpeg"}],"twitter_card":"summary_large_image","twitter_site":"@AubeChampagne","twitter_misc":{"Dur\u00e9e de lecture estim\u00e9e":"11 minutes"},"schema":{"@context":"https:\/\/schema.org","@graph":[{"@type":"WebPage","@id":"https:\/\/www.aube-champagne.com\/fr\/je-temmene-dans-laube\/","url":"https:\/\/www.aube-champagne.com\/fr\/je-temmene-dans-laube\/","name":"\"Je t'emm\u00e8ne dans l'Aube\", le podcast qui invite au voyage - Aube Champagne","isPartOf":{"@id":"https:\/\/www.aube-champagne.com\/fr\/#website"},"primaryImageOfPage":{"@id":"https:\/\/www.aube-champagne.com\/fr\/je-temmene-dans-laube\/#primaryimage"},"image":{"@id":"https:\/\/www.aube-champagne.com\/fr\/je-temmene-dans-laube\/#primaryimage"},"thumbnailUrl":"https:\/\/www.aube-champagne.com\/assets\/uploads\/2025\/06\/Vignette-Je-temmene-dans-lAube.jpg","datePublished":"2021-03-04T14:17:41+00:00","dateModified":"2026-03-13T13:20:10+00:00","description":"\"Je t'emm\u00e8ne dans l'Aube\", c'est l'\u00e9mission \u00e0 ne pas manquer pour vous permettre de d\u00e9couvrir l'Aube autrement. Chaque mois, une \u00e9mission th\u00e9matique","breadcrumb":{"@id":"https:\/\/www.aube-champagne.com\/fr\/je-temmene-dans-laube\/#breadcrumb"},"inLanguage":"fr-FR","potentialAction":[{"@type":"ReadAction","target":["https:\/\/www.aube-champagne.com\/fr\/je-temmene-dans-laube\/"]}]},{"@type":"ImageObject","inLanguage":"fr-FR","@id":"https:\/\/www.aube-champagne.com\/fr\/je-temmene-dans-laube\/#primaryimage","url":"https:\/\/www.aube-champagne.com\/assets\/uploads\/2025\/06\/Vignette-Je-temmene-dans-lAube.jpg","contentUrl":"https:\/\/www.aube-champagne.com\/assets\/uploads\/2025\/06\/Vignette-Je-temmene-dans-lAube.jpg","width":1080,"height":1080},{"@type":"BreadcrumbList","@id":"https:\/\/www.aube-champagne.com\/fr\/je-temmene-dans-laube\/#breadcrumb","itemListElement":[{"@type":"ListItem","position":1,"name":"Accueil","item":"https:\/\/www.aube-champagne.com\/fr\/"},{"@type":"ListItem","position":2,"name":"\u00ab\u00a0Je t&#8217;emm\u00e8ne dans l&rsquo;Aube\u00a0\u00bb, le podcast qui invite au voyage"}]},{"@type":"WebSite","@id":"https:\/\/www.aube-champagne.com\/fr\/#website","url":"https:\/\/www.aube-champagne.com\/fr\/","name":"Aube Champagne","description":"Aube Champagne","potentialAction":[{"@type":"SearchAction","target":{"@type":"EntryPoint","urlTemplate":"https:\/\/www.aube-champagne.com\/fr\/?s={search_term_string}"},"query-input":{"@type":"PropertyValueSpecification","valueRequired":true,"valueName":"search_term_string"}}],"inLanguage":"fr-FR"}]}},"publishpress_future_action":{"enabled":false,"date":"2026-05-07 04:48:18","action":"change-status","newStatus":"draft","terms":[],"taxonomy":"translation_priority","extraData":[]},"publishpress_future_workflow_manual_trigger":{"enabledWorkflows":[]},"_links":{"self":[{"href":"https:\/\/www.aube-champagne.com\/fr\/wp-json\/wp\/v2\/pages\/42202","targetHints":{"allow":["GET"]}}],"collection":[{"href":"https:\/\/www.aube-champagne.com\/fr\/wp-json\/wp\/v2\/pages"}],"about":[{"href":"https:\/\/www.aube-champagne.com\/fr\/wp-json\/wp\/v2\/types\/page"}],"author":[{"embeddable":true,"href":"https:\/\/www.aube-champagne.com\/fr\/wp-json\/wp\/v2\/users\/9192193"}],"replies":[{"embeddable":true,"href":"https:\/\/www.aube-champagne.com\/fr\/wp-json\/wp\/v2\/comments?post=42202"}],"version-history":[{"count":13,"href":"https:\/\/www.aube-champagne.com\/fr\/wp-json\/wp\/v2\/pages\/42202\/revisions"}],"predecessor-version":[{"id":91408,"href":"https:\/\/www.aube-champagne.com\/fr\/wp-json\/wp\/v2\/pages\/42202\/revisions\/91408"}],"wp:featuredmedia":[{"embeddable":true,"href":"https:\/\/www.aube-champagne.com\/fr\/wp-json\/wp\/v2\/media\/87421"}],"wp:attachment":[{"href":"https:\/\/www.aube-champagne.com\/fr\/wp-json\/wp\/v2\/media?parent=42202"}],"curies":[{"name":"wp","href":"https:\/\/api.w.org\/{rel}","templated":true}]}}